{"id":12011,"date":"2022-07-13T09:08:48","date_gmt":"2022-07-13T07:08:48","guid":{"rendered":"https:\/\/www.minderheitensekretariat.de\/nyheder\/"},"modified":"2023-06-01T15:12:48","modified_gmt":"2023-06-01T13:12:48","slug":"nyheder","status":"publish","type":"page","link":"https:\/\/www.minderheitensekretariat.de\/da\/nyheder\/","title":{"rendered":"Nyheder"},"content":{"rendered":"\t\t<div data-elementor-type=\"wp-page\" data-elementor-id=\"12011\" class=\"elementor elementor-12011 elementor-389\" data-elementor-post-type=\"page\">\n\t\t\t\t\t\t<section class=\"elementor-section elementor-top-section elementor-element elementor-element-f3c85ca elementor-section-content-middle elementor-section-boxed elementor-section-height-default elementor-section-height-default\" data-id=\"f3c85ca\" data-element_type=\"section\" data-settings=\"{&quot;background_background&quot;:&quot;gradient&quot;}\">\n\t\t\t\t\t\t\t<div class=\"elementor-background-overlay\"><\/div>\n\t\t\t\t\t\t\t<div class=\"elementor-container elementor-column-gap-default\">\n\t\t\t\t\t<div class=\"elementor-column elementor-col-100 elementor-top-column elementor-element elementor-element-2721ab0\" data-id=\"2721ab0\" data-element_type=\"column\">\n\t\t\t<div class=\"elementor-widget-wrap elementor-element-populated\">\n\t\t\t\t\t\t<div class=\"elementor-element elementor-element-8b1436e elementor-widget elementor-widget-heading\" data-id=\"8b1436e\" data-element_type=\"widget\" data-widget_type=\"heading.default\">\n\t\t\t\t<div class=\"elementor-widget-container\">\n\t\t\t<h1 class=\"elementor-heading-title elementor-size-default\">Nyheder<\/h1>\t\t<\/div>\n\t\t\t\t<\/div>\n\t\t\t\t<div class=\"elementor-element elementor-element-84728f1 elementor-widget-divider--view-line elementor-widget elementor-widget-divider\" data-id=\"84728f1\" data-element_type=\"widget\" data-widget_type=\"divider.default\">\n\t\t\t\t<div class=\"elementor-widget-container\">\n\t\t\t\t\t<div class=\"elementor-divider\">\n\t\t\t<span class=\"elementor-divider-separator\">\n\t\t\t\t\t\t<\/span>\n\t\t<\/div>\n\t\t\t\t<\/div>\n\t\t\t\t<\/div>\n\t\t\t\t<div class=\"elementor-element elementor-element-1c72b99 elementor-grid-3 elementor-grid-tablet-2 elementor-grid-mobile-1 elementor-posts--thumbnail-top elementor-card-shadow-yes elementor-posts__hover-gradient elementor-widget elementor-widget-posts\" data-id=\"1c72b99\" data-element_type=\"widget\" data-settings=\"{&quot;cards_row_gap&quot;:{&quot;unit&quot;:&quot;px&quot;,&quot;size&quot;:45,&quot;sizes&quot;:[]},&quot;pagination_type&quot;:&quot;numbers&quot;,&quot;cards_columns&quot;:&quot;3&quot;,&quot;cards_columns_tablet&quot;:&quot;2&quot;,&quot;cards_columns_mobile&quot;:&quot;1&quot;,&quot;cards_row_gap_tablet&quot;:{&quot;unit&quot;:&quot;px&quot;,&quot;size&quot;:&quot;&quot;,&quot;sizes&quot;:[]},&quot;cards_row_gap_mobile&quot;:{&quot;unit&quot;:&quot;px&quot;,&quot;size&quot;:&quot;&quot;,&quot;sizes&quot;:[]}}\" data-widget_type=\"posts.cards\">\n\t\t\t\t<div class=\"elementor-widget-container\">\n\t\t\t\t\t<div class=\"elementor-posts-container elementor-posts elementor-posts--skin-cards elementor-grid\">\n\t\t\t\t<article class=\"elementor-post elementor-grid-item post-23225 post type-post status-publish format-standard has-post-thumbnail hentry category-startseite\">\n\t\t\t<div class=\"elementor-post__card\">\n\t\t\t\t<a class=\"elementor-post__thumbnail__link\" href=\"https:\/\/www.minderheitensekretariat.de\/da\/2026\/04\/28\/dosta-bericht-2025-293-dokumentierte-vorfaelle-antiziganistischer-diskriminierung-in-berlin-hoechste-je-erfasste-fallzahl-und-besorgniserregende-entwicklungen\/\" tabindex=\"-1\" ><div class=\"elementor-post__thumbnail\"><img decoding=\"async\" width=\"236\" height=\"99\" src=\"https:\/\/www.minderheitensekretariat.de\/wp-content\/uploads\/2026\/04\/LOGO_amaro-foro.svg\" class=\"attachment-medium_large size-medium_large wp-image-23226\" alt=\"\" \/><\/div><\/a>\n\t\t\t\t<div class=\"elementor-post__text\">\n\t\t\t\t<h3 class=\"elementor-post__title\">\n\t\t\t<a href=\"https:\/\/www.minderheitensekretariat.de\/da\/2026\/04\/28\/dosta-bericht-2025-293-dokumentierte-vorfaelle-antiziganistischer-diskriminierung-in-berlin-hoechste-je-erfasste-fallzahl-und-besorgniserregende-entwicklungen\/\" >\n\t\t\t\tDOSTA-Bericht 2025: 293 dokumentierte Vorf\u00e4lle antiziganistischer Diskriminierung in Berlin \u2013 h\u00f6chste je erfasste Fallzahl und besorgniserregende Entwicklungen\t\t\t<\/a>\n\t\t<\/h3>\n\t\t\t\t<div class=\"elementor-post__excerpt\">\n\t\t\t<p>Amaro Foro stellt DOSTA\/MIA Berlin-Auswertung 2025 vor<\/p>\t\t<\/div>\n\t\t\n\t\t<a class=\"elementor-post__read-more\" href=\"https:\/\/www.minderheitensekretariat.de\/da\/2026\/04\/28\/dosta-bericht-2025-293-dokumentierte-vorfaelle-antiziganistischer-diskriminierung-in-berlin-hoechste-je-erfasste-fallzahl-und-besorgniserregende-entwicklungen\/\" aria-label=\"Read more about DOSTA-Bericht 2025: 293 dokumentierte Vorf\u00e4lle antiziganistischer Diskriminierung in Berlin \u2013 h\u00f6chste je erfasste Fallzahl und besorgniserregende Entwicklungen\" tabindex=\"-1\" >\n\t\t\tForts\u00e6t\t\t<\/a>\n\n\t\t\t\t<\/div>\n\t\t\t\t<div class=\"elementor-post__meta-data\">\n\t\t\t\t\t<span class=\"elementor-post-date\">\n\t\t\t28\/04\/2026\t\t<\/span>\n\t\t\t\t<\/div>\n\t\t\t\t\t<\/div>\n\t\t<\/article>\n\t\t\t\t<article class=\"elementor-post elementor-grid-item post-23205 post type-post status-publish format-standard has-post-thumbnail hentry category-startseite\">\n\t\t\t<div class=\"elementor-post__card\">\n\t\t\t\t<a class=\"elementor-post__thumbnail__link\" href=\"https:\/\/www.minderheitensekretariat.de\/da\/2026\/04\/20\/eine-woche-lang-ins-saterfriesische-eingetaucht\/\" tabindex=\"-1\" ><div class=\"elementor-post__thumbnail\"><img fetchpriority=\"high\" decoding=\"async\" width=\"646\" height=\"553\" src=\"https:\/\/www.minderheitensekretariat.de\/wp-content\/uploads\/2025\/10\/Logo_2025_Seeltersk-Kontoor_RGB-web.jpg\" class=\"attachment-medium_large size-medium_large wp-image-21841\" alt=\"\" srcset=\"https:\/\/www.minderheitensekretariat.de\/wp-content\/uploads\/2025\/10\/Logo_2025_Seeltersk-Kontoor_RGB-web.jpg 646w, https:\/\/www.minderheitensekretariat.de\/wp-content\/uploads\/2025\/10\/Logo_2025_Seeltersk-Kontoor_RGB-web-300x257.jpg 300w\" sizes=\"(max-width: 646px) 100vw, 646px\" \/><\/div><\/a>\n\t\t\t\t<div class=\"elementor-post__text\">\n\t\t\t\t<h3 class=\"elementor-post__title\">\n\t\t\t<a href=\"https:\/\/www.minderheitensekretariat.de\/da\/2026\/04\/20\/eine-woche-lang-ins-saterfriesische-eingetaucht\/\" >\n\t\t\t\tEine Woche lang ins Saterfriesische eingetaucht\t\t\t<\/a>\n\t\t<\/h3>\n\t\t\t\t<div class=\"elementor-post__excerpt\">\n\t\t\t<p>Elf Teilnehmende erlebten in Scharrel eine intensive Woche ganz im Zeichen des Saterfriesischen, mit Sprachunterricht, Exkursionen und einem Besuch des NDR.<\/p>\t\t<\/div>\n\t\t\n\t\t<a class=\"elementor-post__read-more\" href=\"https:\/\/www.minderheitensekretariat.de\/da\/2026\/04\/20\/eine-woche-lang-ins-saterfriesische-eingetaucht\/\" aria-label=\"Read more about Eine Woche lang ins Saterfriesische eingetaucht\" tabindex=\"-1\" >\n\t\t\tForts\u00e6t\t\t<\/a>\n\n\t\t\t\t<\/div>\n\t\t\t\t<div class=\"elementor-post__meta-data\">\n\t\t\t\t\t<span class=\"elementor-post-date\">\n\t\t\t20\/04\/2026\t\t<\/span>\n\t\t\t\t<\/div>\n\t\t\t\t\t<\/div>\n\t\t<\/article>\n\t\t\t\t<article class=\"elementor-post elementor-grid-item post-23200 post type-post status-publish format-standard has-post-thumbnail hentry category-startseite\">\n\t\t\t<div class=\"elementor-post__card\">\n\t\t\t\t<a class=\"elementor-post__thumbnail__link\" href=\"https:\/\/www.minderheitensekretariat.de\/da\/2026\/04\/15\/mia-veroeffentlicht-bericht-zu-antiziganismus-und-wohnen\/\" tabindex=\"-1\" ><div class=\"elementor-post__thumbnail\"><img decoding=\"async\" width=\"508\" height=\"720\" src=\"https:\/\/www.minderheitensekretariat.de\/wp-content\/uploads\/2026\/04\/wohnen-cover-GER.webp\" class=\"attachment-medium_large size-medium_large wp-image-23206\" alt=\"\" srcset=\"https:\/\/www.minderheitensekretariat.de\/wp-content\/uploads\/2026\/04\/wohnen-cover-GER.webp 508w, https:\/\/www.minderheitensekretariat.de\/wp-content\/uploads\/2026\/04\/wohnen-cover-GER-212x300.webp 212w\" sizes=\"(max-width: 508px) 100vw, 508px\" \/><\/div><\/a>\n\t\t\t\t<div class=\"elementor-post__text\">\n\t\t\t\t<h3 class=\"elementor-post__title\">\n\t\t\t<a href=\"https:\/\/www.minderheitensekretariat.de\/da\/2026\/04\/15\/mia-veroeffentlicht-bericht-zu-antiziganismus-und-wohnen\/\" >\n\t\t\t\tMIA ver\u00f6ffentlicht Bericht zu Antiziganismus und Wohnen\t\t\t<\/a>\n\t\t<\/h3>\n\t\t\t\t<div class=\"elementor-post__excerpt\">\n\t\t\t<p>903 dokumentierte F\u00e4lle zeigen eine weitreichende Ausgrenzung auf dem Wohnungsmarkt.<\/p>\t\t<\/div>\n\t\t\n\t\t<a class=\"elementor-post__read-more\" href=\"https:\/\/www.minderheitensekretariat.de\/da\/2026\/04\/15\/mia-veroeffentlicht-bericht-zu-antiziganismus-und-wohnen\/\" aria-label=\"Read more about MIA ver\u00f6ffentlicht Bericht zu Antiziganismus und Wohnen\" tabindex=\"-1\" >\n\t\t\tForts\u00e6t\t\t<\/a>\n\n\t\t\t\t<\/div>\n\t\t\t\t<div class=\"elementor-post__meta-data\">\n\t\t\t\t\t<span class=\"elementor-post-date\">\n\t\t\t15\/04\/2026\t\t<\/span>\n\t\t\t\t<\/div>\n\t\t\t\t\t<\/div>\n\t\t<\/article>\n\t\t\t\t<article class=\"elementor-post elementor-grid-item post-23191 post type-post status-publish format-standard has-post-thumbnail hentry category-startseite\">\n\t\t\t<div class=\"elementor-post__card\">\n\t\t\t\t<a class=\"elementor-post__thumbnail__link\" href=\"https:\/\/www.minderheitensekretariat.de\/da\/2026\/04\/14\/studie-zur-niedersorbischen-sprache-befunde-und-potenziale-fuer-die-revitalisierung\/\" tabindex=\"-1\" ><div class=\"elementor-post__thumbnail\"><img loading=\"lazy\" decoding=\"async\" width=\"670\" height=\"382\" src=\"https:\/\/www.minderheitensekretariat.de\/wp-content\/uploads\/2022\/08\/Sorbisches-Institut_logo.jpg\" class=\"attachment-medium_large size-medium_large wp-image-3901\" alt=\"\" srcset=\"https:\/\/www.minderheitensekretariat.de\/wp-content\/uploads\/2022\/08\/Sorbisches-Institut_logo.jpg 670w, https:\/\/www.minderheitensekretariat.de\/wp-content\/uploads\/2022\/08\/Sorbisches-Institut_logo-300x171.jpg 300w\" sizes=\"(max-width: 670px) 100vw, 670px\" \/><\/div><\/a>\n\t\t\t\t<div class=\"elementor-post__text\">\n\t\t\t\t<h3 class=\"elementor-post__title\">\n\t\t\t<a href=\"https:\/\/www.minderheitensekretariat.de\/da\/2026\/04\/14\/studie-zur-niedersorbischen-sprache-befunde-und-potenziale-fuer-die-revitalisierung\/\" >\n\t\t\t\tStudie zur niedersorbischen Sprache: Befunde und Potenziale f\u00fcr die Revitalisierung\t\t\t<\/a>\n\t\t<\/h3>\n\t\t\t\t<div class=\"elementor-post__excerpt\">\n\t\t\t<p>Eine Studie zeigt: Das Niedersorbische tr\u00e4gt Zeichen einer Wiederbelebung \u2013 und bedarf einer koordinierten Sprachplanung. <\/p>\t\t<\/div>\n\t\t\n\t\t<a class=\"elementor-post__read-more\" href=\"https:\/\/www.minderheitensekretariat.de\/da\/2026\/04\/14\/studie-zur-niedersorbischen-sprache-befunde-und-potenziale-fuer-die-revitalisierung\/\" aria-label=\"Read more about Studie zur niedersorbischen Sprache: Befunde und Potenziale f\u00fcr die Revitalisierung\" tabindex=\"-1\" >\n\t\t\tForts\u00e6t\t\t<\/a>\n\n\t\t\t\t<\/div>\n\t\t\t\t<div class=\"elementor-post__meta-data\">\n\t\t\t\t\t<span class=\"elementor-post-date\">\n\t\t\t14\/04\/2026\t\t<\/span>\n\t\t\t\t<\/div>\n\t\t\t\t\t<\/div>\n\t\t<\/article>\n\t\t\t\t<article class=\"elementor-post elementor-grid-item post-23190 post type-post status-publish format-standard has-post-thumbnail hentry category-startseite\">\n\t\t\t<div class=\"elementor-post__card\">\n\t\t\t\t<a class=\"elementor-post__thumbnail__link\" href=\"https:\/\/www.minderheitensekretariat.de\/da\/2026\/04\/08\/antiziganismus-in-europa-mit-wissensvermittlung-bekaempfen\/\" tabindex=\"-1\" ><div class=\"elementor-post__thumbnail\"><img loading=\"lazy\" decoding=\"async\" width=\"670\" height=\"382\" src=\"https:\/\/www.minderheitensekretariat.de\/wp-content\/uploads\/2022\/08\/Zentralrat-Deutscher-Sinti-und-Roma_logo-copy.jpg\" class=\"attachment-medium_large size-medium_large wp-image-3823\" alt=\"\" srcset=\"https:\/\/www.minderheitensekretariat.de\/wp-content\/uploads\/2022\/08\/Zentralrat-Deutscher-Sinti-und-Roma_logo-copy.jpg 670w, https:\/\/www.minderheitensekretariat.de\/wp-content\/uploads\/2022\/08\/Zentralrat-Deutscher-Sinti-und-Roma_logo-copy-300x171.jpg 300w\" sizes=\"(max-width: 670px) 100vw, 670px\" \/><\/div><\/a>\n\t\t\t\t<div class=\"elementor-post__text\">\n\t\t\t\t<h3 class=\"elementor-post__title\">\n\t\t\t<a href=\"https:\/\/www.minderheitensekretariat.de\/da\/2026\/04\/08\/antiziganismus-in-europa-mit-wissensvermittlung-bekaempfen\/\" >\n\t\t\t\tAntiziganismus in Europa mit Wissensvermittlung bek\u00e4mpfen\t\t\t<\/a>\n\t\t<\/h3>\n\t\t\t\t<div class=\"elementor-post__excerpt\">\n\t\t\t<p>Anl\u00e4sslich des Welt-Roma-Tages am 8. April 2026 kritisiert der Zentralrat die mangelnden Bem\u00fchungen, einem anwachsenden Antiziganismus mit Aufkl\u00e4rung und Wissensvermittlung im Bildungssystem zu begegnen.<\/p>\t\t<\/div>\n\t\t\n\t\t<a class=\"elementor-post__read-more\" href=\"https:\/\/www.minderheitensekretariat.de\/da\/2026\/04\/08\/antiziganismus-in-europa-mit-wissensvermittlung-bekaempfen\/\" aria-label=\"Read more about Antiziganismus in Europa mit Wissensvermittlung bek\u00e4mpfen\" tabindex=\"-1\" >\n\t\t\tForts\u00e6t\t\t<\/a>\n\n\t\t\t\t<\/div>\n\t\t\t\t<div class=\"elementor-post__meta-data\">\n\t\t\t\t\t<span class=\"elementor-post-date\">\n\t\t\t08\/04\/2026\t\t<\/span>\n\t\t\t\t<\/div>\n\t\t\t\t\t<\/div>\n\t\t<\/article>\n\t\t\t\t<article class=\"elementor-post elementor-grid-item post-23184 post type-post status-publish format-standard has-post-thumbnail hentry category-startseite\">\n\t\t\t<div class=\"elementor-post__card\">\n\t\t\t\t<a class=\"elementor-post__thumbnail__link\" href=\"https:\/\/www.minderheitensekretariat.de\/da\/2026\/04\/02\/weltromatag-am-8-april-sichtbarkeit-braucht-konsequenz\/\" tabindex=\"-1\" ><div class=\"elementor-post__thumbnail\"><img loading=\"lazy\" decoding=\"async\" width=\"236\" height=\"99\" src=\"https:\/\/www.minderheitensekretariat.de\/wp-content\/uploads\/2025\/01\/LOGO_amaro-foro.svg\" class=\"attachment-medium_large size-medium_large wp-image-18783\" alt=\"\" \/><\/div><\/a>\n\t\t\t\t<div class=\"elementor-post__text\">\n\t\t\t\t<h3 class=\"elementor-post__title\">\n\t\t\t<a href=\"https:\/\/www.minderheitensekretariat.de\/da\/2026\/04\/02\/weltromatag-am-8-april-sichtbarkeit-braucht-konsequenz\/\" >\n\t\t\t\tWeltromatag am 8. April: Sichtbarkeit braucht Konsequenz!\t\t\t<\/a>\n\t\t<\/h3>\n\t\t\t\t<div class=\"elementor-post__excerpt\">\n\t\t\t<p>Ein bedeutender Tag f\u00fcr die Community \u2013 und ein Appell f\u00fcr klare politische Haltung im Alltag.<\/p>\t\t<\/div>\n\t\t\n\t\t<a class=\"elementor-post__read-more\" href=\"https:\/\/www.minderheitensekretariat.de\/da\/2026\/04\/02\/weltromatag-am-8-april-sichtbarkeit-braucht-konsequenz\/\" aria-label=\"Read more about Weltromatag am 8. April: Sichtbarkeit braucht Konsequenz!\" tabindex=\"-1\" >\n\t\t\tForts\u00e6t\t\t<\/a>\n\n\t\t\t\t<\/div>\n\t\t\t\t<div class=\"elementor-post__meta-data\">\n\t\t\t\t\t<span class=\"elementor-post-date\">\n\t\t\t02\/04\/2026\t\t<\/span>\n\t\t\t\t<\/div>\n\t\t\t\t\t<\/div>\n\t\t<\/article>\n\t\t\t\t<\/div>\n\t\t\n\t\t\t\t<div class=\"e-load-more-anchor\" data-page=\"1\" data-max-page=\"64\" data-next-page=\"https:\/\/www.minderheitensekretariat.de\/da\/wp-json\/wp\/v2\/pages\/12011\/page\/2\/\"><\/div>\n\t\t\t\t<nav class=\"elementor-pagination\" aria-label=\"Sidetal\">\n\t\t\t<span aria-current=\"page\" class=\"page-numbers current\"><span class=\"elementor-screen-only\">Side<\/span>1<\/span>\n<a class=\"page-numbers\" href=\"https:\/\/www.minderheitensekretariat.de\/da\/wp-json\/wp\/v2\/pages\/12011\/page\/2\/\"><span class=\"elementor-screen-only\">Side<\/span>2<\/a>\n<a class=\"page-numbers\" href=\"https:\/\/www.minderheitensekretariat.de\/da\/wp-json\/wp\/v2\/pages\/12011\/page\/3\/\"><span class=\"elementor-screen-only\">Side<\/span>3<\/a>\n<a class=\"page-numbers\" href=\"https:\/\/www.minderheitensekretariat.de\/da\/wp-json\/wp\/v2\/pages\/12011\/page\/4\/\"><span class=\"elementor-screen-only\">Side<\/span>4<\/a>\n<a class=\"page-numbers\" href=\"https:\/\/www.minderheitensekretariat.de\/da\/wp-json\/wp\/v2\/pages\/12011\/page\/5\/\"><span class=\"elementor-screen-only\">Side<\/span>5<\/a>\n<a class=\"page-numbers\" href=\"https:\/\/www.minderheitensekretariat.de\/da\/wp-json\/wp\/v2\/pages\/12011\/page\/6\/\"><span class=\"elementor-screen-only\">Side<\/span>6<\/a>\n<a class=\"page-numbers\" href=\"https:\/\/www.minderheitensekretariat.de\/da\/wp-json\/wp\/v2\/pages\/12011\/page\/7\/\"><span class=\"elementor-screen-only\">Side<\/span>7<\/a>\n<a class=\"page-numbers\" href=\"https:\/\/www.minderheitensekretariat.de\/da\/wp-json\/wp\/v2\/pages\/12011\/page\/8\/\"><span class=\"elementor-screen-only\">Side<\/span>8<\/a>\n<a class=\"page-numbers\" href=\"https:\/\/www.minderheitensekretariat.de\/da\/wp-json\/wp\/v2\/pages\/12011\/page\/9\/\"><span class=\"elementor-screen-only\">Side<\/span>9<\/a>\n<a class=\"page-numbers\" href=\"https:\/\/www.minderheitensekretariat.de\/da\/wp-json\/wp\/v2\/pages\/12011\/page\/10\/\"><span class=\"elementor-screen-only\">Side<\/span>10<\/a>\n<a class=\"page-numbers\" href=\"https:\/\/www.minderheitensekretariat.de\/da\/wp-json\/wp\/v2\/pages\/12011\/page\/11\/\"><span class=\"elementor-screen-only\">Side<\/span>11<\/a>\n<a class=\"page-numbers\" href=\"https:\/\/www.minderheitensekretariat.de\/da\/wp-json\/wp\/v2\/pages\/12011\/page\/12\/\"><span class=\"elementor-screen-only\">Side<\/span>12<\/a>\n<a class=\"page-numbers\" href=\"https:\/\/www.minderheitensekretariat.de\/da\/wp-json\/wp\/v2\/pages\/12011\/page\/13\/\"><span class=\"elementor-screen-only\">Side<\/span>13<\/a>\n<a class=\"page-numbers\" href=\"https:\/\/www.minderheitensekretariat.de\/da\/wp-json\/wp\/v2\/pages\/12011\/page\/14\/\"><span class=\"elementor-screen-only\">Side<\/span>14<\/a>\n<a class=\"page-numbers\" href=\"https:\/\/www.minderheitensekretariat.de\/da\/wp-json\/wp\/v2\/pages\/12011\/page\/15\/\"><span class=\"elementor-screen-only\">Side<\/span>15<\/a>\n<a class=\"page-numbers\" href=\"https:\/\/www.minderheitensekretariat.de\/da\/wp-json\/wp\/v2\/pages\/12011\/page\/16\/\"><span class=\"elementor-screen-only\">Side<\/span>16<\/a>\n<a class=\"page-numbers\" href=\"https:\/\/www.minderheitensekretariat.de\/da\/wp-json\/wp\/v2\/pages\/12011\/page\/17\/\"><span class=\"elementor-screen-only\">Side<\/span>17<\/a>\n<a class=\"page-numbers\" href=\"https:\/\/www.minderheitensekretariat.de\/da\/wp-json\/wp\/v2\/pages\/12011\/page\/18\/\"><span class=\"elementor-screen-only\">Side<\/span>18<\/a>\n<a class=\"page-numbers\" href=\"https:\/\/www.minderheitensekretariat.de\/da\/wp-json\/wp\/v2\/pages\/12011\/page\/19\/\"><span class=\"elementor-screen-only\">Side<\/span>19<\/a>\n<a class=\"page-numbers\" href=\"https:\/\/www.minderheitensekretariat.de\/da\/wp-json\/wp\/v2\/pages\/12011\/page\/20\/\"><span class=\"elementor-screen-only\">Side<\/span>20<\/a>\n<a class=\"page-numbers\" href=\"https:\/\/www.minderheitensekretariat.de\/da\/wp-json\/wp\/v2\/pages\/12011\/page\/21\/\"><span class=\"elementor-screen-only\">Side<\/span>21<\/a>\n<a class=\"page-numbers\" href=\"https:\/\/www.minderheitensekretariat.de\/da\/wp-json\/wp\/v2\/pages\/12011\/page\/22\/\"><span class=\"elementor-screen-only\">Side<\/span>22<\/a>\n<a class=\"page-numbers\" href=\"https:\/\/www.minderheitensekretariat.de\/da\/wp-json\/wp\/v2\/pages\/12011\/page\/23\/\"><span class=\"elementor-screen-only\">Side<\/span>23<\/a>\n<a class=\"page-numbers\" href=\"https:\/\/www.minderheitensekretariat.de\/da\/wp-json\/wp\/v2\/pages\/12011\/page\/24\/\"><span class=\"elementor-screen-only\">Side<\/span>24<\/a>\n<a class=\"page-numbers\" href=\"https:\/\/www.minderheitensekretariat.de\/da\/wp-json\/wp\/v2\/pages\/12011\/page\/25\/\"><span class=\"elementor-screen-only\">Side<\/span>25<\/a>\n<a class=\"page-numbers\" href=\"https:\/\/www.minderheitensekretariat.de\/da\/wp-json\/wp\/v2\/pages\/12011\/page\/26\/\"><span class=\"elementor-screen-only\">Side<\/span>26<\/a>\n<a class=\"page-numbers\" href=\"https:\/\/www.minderheitensekretariat.de\/da\/wp-json\/wp\/v2\/pages\/12011\/page\/27\/\"><span class=\"elementor-screen-only\">Side<\/span>27<\/a>\n<a class=\"page-numbers\" href=\"https:\/\/www.minderheitensekretariat.de\/da\/wp-json\/wp\/v2\/pages\/12011\/page\/28\/\"><span class=\"elementor-screen-only\">Side<\/span>28<\/a>\n<a class=\"page-numbers\" href=\"https:\/\/www.minderheitensekretariat.de\/da\/wp-json\/wp\/v2\/pages\/12011\/page\/29\/\"><span class=\"elementor-screen-only\">Side<\/span>29<\/a>\n<a class=\"page-numbers\" href=\"https:\/\/www.minderheitensekretariat.de\/da\/wp-json\/wp\/v2\/pages\/12011\/page\/30\/\"><span class=\"elementor-screen-only\">Side<\/span>30<\/a>\n<a class=\"page-numbers\" href=\"https:\/\/www.minderheitensekretariat.de\/da\/wp-json\/wp\/v2\/pages\/12011\/page\/31\/\"><span class=\"elementor-screen-only\">Side<\/span>31<\/a>\n<a class=\"page-numbers\" href=\"https:\/\/www.minderheitensekretariat.de\/da\/wp-json\/wp\/v2\/pages\/12011\/page\/32\/\"><span class=\"elementor-screen-only\">Side<\/span>32<\/a>\n<a class=\"page-numbers\" href=\"https:\/\/www.minderheitensekretariat.de\/da\/wp-json\/wp\/v2\/pages\/12011\/page\/33\/\"><span class=\"elementor-screen-only\">Side<\/span>33<\/a>\n<a class=\"page-numbers\" href=\"https:\/\/www.minderheitensekretariat.de\/da\/wp-json\/wp\/v2\/pages\/12011\/page\/34\/\"><span class=\"elementor-screen-only\">Side<\/span>34<\/a>\n<a class=\"page-numbers\" href=\"https:\/\/www.minderheitensekretariat.de\/da\/wp-json\/wp\/v2\/pages\/12011\/page\/35\/\"><span class=\"elementor-screen-only\">Side<\/span>35<\/a>\n<a class=\"page-numbers\" href=\"https:\/\/www.minderheitensekretariat.de\/da\/wp-json\/wp\/v2\/pages\/12011\/page\/36\/\"><span class=\"elementor-screen-only\">Side<\/span>36<\/a>\n<a class=\"page-numbers\" href=\"https:\/\/www.minderheitensekretariat.de\/da\/wp-json\/wp\/v2\/pages\/12011\/page\/37\/\"><span class=\"elementor-screen-only\">Side<\/span>37<\/a>\n<a class=\"page-numbers\" href=\"https:\/\/www.minderheitensekretariat.de\/da\/wp-json\/wp\/v2\/pages\/12011\/page\/38\/\"><span class=\"elementor-screen-only\">Side<\/span>38<\/a>\n<a class=\"page-numbers\" href=\"https:\/\/www.minderheitensekretariat.de\/da\/wp-json\/wp\/v2\/pages\/12011\/page\/39\/\"><span class=\"elementor-screen-only\">Side<\/span>39<\/a>\n<a class=\"page-numbers\" href=\"https:\/\/www.minderheitensekretariat.de\/da\/wp-json\/wp\/v2\/pages\/12011\/page\/40\/\"><span class=\"elementor-screen-only\">Side<\/span>40<\/a>\n<a class=\"page-numbers\" href=\"https:\/\/www.minderheitensekretariat.de\/da\/wp-json\/wp\/v2\/pages\/12011\/page\/41\/\"><span class=\"elementor-screen-only\">Side<\/span>41<\/a>\n<a class=\"page-numbers\" href=\"https:\/\/www.minderheitensekretariat.de\/da\/wp-json\/wp\/v2\/pages\/12011\/page\/42\/\"><span class=\"elementor-screen-only\">Side<\/span>42<\/a>\n<a class=\"page-numbers\" href=\"https:\/\/www.minderheitensekretariat.de\/da\/wp-json\/wp\/v2\/pages\/12011\/page\/43\/\"><span class=\"elementor-screen-only\">Side<\/span>43<\/a>\n<a class=\"page-numbers\" href=\"https:\/\/www.minderheitensekretariat.de\/da\/wp-json\/wp\/v2\/pages\/12011\/page\/44\/\"><span class=\"elementor-screen-only\">Side<\/span>44<\/a>\n<a class=\"page-numbers\" href=\"https:\/\/www.minderheitensekretariat.de\/da\/wp-json\/wp\/v2\/pages\/12011\/page\/45\/\"><span class=\"elementor-screen-only\">Side<\/span>45<\/a>\n<a class=\"page-numbers\" href=\"https:\/\/www.minderheitensekretariat.de\/da\/wp-json\/wp\/v2\/pages\/12011\/page\/46\/\"><span class=\"elementor-screen-only\">Side<\/span>46<\/a>\n<a class=\"page-numbers\" href=\"https:\/\/www.minderheitensekretariat.de\/da\/wp-json\/wp\/v2\/pages\/12011\/page\/47\/\"><span class=\"elementor-screen-only\">Side<\/span>47<\/a>\n<a class=\"page-numbers\" href=\"https:\/\/www.minderheitensekretariat.de\/da\/wp-json\/wp\/v2\/pages\/12011\/page\/48\/\"><span class=\"elementor-screen-only\">Side<\/span>48<\/a>\n<a class=\"page-numbers\" href=\"https:\/\/www.minderheitensekretariat.de\/da\/wp-json\/wp\/v2\/pages\/12011\/page\/49\/\"><span class=\"elementor-screen-only\">Side<\/span>49<\/a>\n<a class=\"page-numbers\" href=\"https:\/\/www.minderheitensekretariat.de\/da\/wp-json\/wp\/v2\/pages\/12011\/page\/50\/\"><span class=\"elementor-screen-only\">Side<\/span>50<\/a>\n<a class=\"page-numbers\" href=\"https:\/\/www.minderheitensekretariat.de\/da\/wp-json\/wp\/v2\/pages\/12011\/page\/51\/\"><span class=\"elementor-screen-only\">Side<\/span>51<\/a>\n<a class=\"page-numbers\" href=\"https:\/\/www.minderheitensekretariat.de\/da\/wp-json\/wp\/v2\/pages\/12011\/page\/52\/\"><span class=\"elementor-screen-only\">Side<\/span>52<\/a>\n<a class=\"page-numbers\" href=\"https:\/\/www.minderheitensekretariat.de\/da\/wp-json\/wp\/v2\/pages\/12011\/page\/53\/\"><span class=\"elementor-screen-only\">Side<\/span>53<\/a>\n<a class=\"page-numbers\" href=\"https:\/\/www.minderheitensekretariat.de\/da\/wp-json\/wp\/v2\/pages\/12011\/page\/54\/\"><span class=\"elementor-screen-only\">Side<\/span>54<\/a>\n<a class=\"page-numbers\" href=\"https:\/\/www.minderheitensekretariat.de\/da\/wp-json\/wp\/v2\/pages\/12011\/page\/55\/\"><span class=\"elementor-screen-only\">Side<\/span>55<\/a>\n<a class=\"page-numbers\" href=\"https:\/\/www.minderheitensekretariat.de\/da\/wp-json\/wp\/v2\/pages\/12011\/page\/56\/\"><span class=\"elementor-screen-only\">Side<\/span>56<\/a>\n<a class=\"page-numbers\" href=\"https:\/\/www.minderheitensekretariat.de\/da\/wp-json\/wp\/v2\/pages\/12011\/page\/57\/\"><span class=\"elementor-screen-only\">Side<\/span>57<\/a>\n<a class=\"page-numbers\" href=\"https:\/\/www.minderheitensekretariat.de\/da\/wp-json\/wp\/v2\/pages\/12011\/page\/58\/\"><span class=\"elementor-screen-only\">Side<\/span>58<\/a>\n<a class=\"page-numbers\" href=\"https:\/\/www.minderheitensekretariat.de\/da\/wp-json\/wp\/v2\/pages\/12011\/page\/59\/\"><span class=\"elementor-screen-only\">Side<\/span>59<\/a>\n<a class=\"page-numbers\" href=\"https:\/\/www.minderheitensekretariat.de\/da\/wp-json\/wp\/v2\/pages\/12011\/page\/60\/\"><span class=\"elementor-screen-only\">Side<\/span>60<\/a>\n<a class=\"page-numbers\" href=\"https:\/\/www.minderheitensekretariat.de\/da\/wp-json\/wp\/v2\/pages\/12011\/page\/61\/\"><span class=\"elementor-screen-only\">Side<\/span>61<\/a>\n<a class=\"page-numbers\" href=\"https:\/\/www.minderheitensekretariat.de\/da\/wp-json\/wp\/v2\/pages\/12011\/page\/62\/\"><span class=\"elementor-screen-only\">Side<\/span>62<\/a>\n<a class=\"page-numbers\" href=\"https:\/\/www.minderheitensekretariat.de\/da\/wp-json\/wp\/v2\/pages\/12011\/page\/63\/\"><span class=\"elementor-screen-only\">Side<\/span>63<\/a>\n<a class=\"page-numbers\" href=\"https:\/\/www.minderheitensekretariat.de\/da\/wp-json\/wp\/v2\/pages\/12011\/page\/64\/\"><span class=\"elementor-screen-only\">Side<\/span>64<\/a>\t\t<\/nav>\n\t\t\t\t<\/div>\n\t\t\t\t<\/div>\n\t\t\t\t\t<\/div>\n\t\t<\/div>\n\t\t\t\t\t<\/div>\n\t\t<\/section>\n\t\t\t\t<\/div>\n\t\t","protected":false},"excerpt":{"rendered":"<p>Nyheder<\/p>\n","protected":false},"author":1,"featured_media":0,"parent":0,"menu_order":0,"comment_status":"closed","ping_status":"closed","template":"elementor_header_footer","meta":{"footnotes":""},"class_list":["post-12011","page","type-page","status-publish","hentry"],"yoast_head":"<!-- This site is optimized with the Yoast SEO plugin v23.8 - https:\/\/yoast.com\/wordpress\/plugins\/seo\/ -->\n<title>Nyheder - Minderheitensekretariat<\/title>\n<meta name=\"robots\" content=\"index, follow, max-snippet:-1, max-image-preview:large, max-video-preview:-1\" \/>\n<link rel=\"canonical\" href=\"https:\/\/www.minderheitensekretariat.de\/da\/nyheder\/\" \/>\n<meta property=\"og:locale\" content=\"da_DK\" \/>\n<meta property=\"og:type\" content=\"article\" \/>\n<meta property=\"og:title\" content=\"Nyheder - Minderheitensekretariat\" \/>\n<meta property=\"og:description\" content=\"Nyheder\" \/>\n<meta property=\"og:url\" content=\"https:\/\/www.minderheitensekretariat.de\/da\/nyheder\/\" \/>\n<meta property=\"og:site_name\" content=\"Minderheitensekretariat\" \/>\n<meta property=\"article:publisher\" content=\"https:\/\/www.facebook.com\/minderheitensekretariat.de\" \/>\n<meta property=\"article:modified_time\" content=\"2023-06-01T13:12:48+00:00\" \/>\n<meta name=\"twitter:card\" content=\"summary_large_image\" \/>\n<script type=\"application\/ld+json\" class=\"yoast-schema-graph\">{\"@context\":\"https:\/\/schema.org\",\"@graph\":[{\"@type\":\"WebPage\",\"@id\":\"https:\/\/www.minderheitensekretariat.de\/da\/nyheder\/\",\"url\":\"https:\/\/www.minderheitensekretariat.de\/da\/nyheder\/\",\"name\":\"Nyheder - Minderheitensekretariat\",\"isPartOf\":{\"@id\":\"https:\/\/www.minderheitensekretariat.de\/da\/#website\"},\"datePublished\":\"2022-07-13T07:08:48+00:00\",\"dateModified\":\"2023-06-01T13:12:48+00:00\",\"breadcrumb\":{\"@id\":\"https:\/\/www.minderheitensekretariat.de\/da\/nyheder\/#breadcrumb\"},\"inLanguage\":\"da-DK\",\"potentialAction\":[{\"@type\":\"ReadAction\",\"target\":[\"https:\/\/www.minderheitensekretariat.de\/da\/nyheder\/\"]}]},{\"@type\":\"BreadcrumbList\",\"@id\":\"https:\/\/www.minderheitensekretariat.de\/da\/nyheder\/#breadcrumb\",\"itemListElement\":[{\"@type\":\"ListItem\",\"position\":1,\"name\":\"Startseite\",\"item\":\"https:\/\/www.minderheitensekretariat.de\/da\/\"},{\"@type\":\"ListItem\",\"position\":2,\"name\":\"Nyheder\"}]},{\"@type\":\"WebSite\",\"@id\":\"https:\/\/www.minderheitensekretariat.de\/da\/#website\",\"url\":\"https:\/\/www.minderheitensekretariat.de\/da\/\",\"name\":\"Minderheitensekretariat\",\"description\":\"\",\"publisher\":{\"@id\":\"https:\/\/www.minderheitensekretariat.de\/da\/#organization\"},\"potentialAction\":[{\"@type\":\"SearchAction\",\"target\":{\"@type\":\"EntryPoint\",\"urlTemplate\":\"https:\/\/www.minderheitensekretariat.de\/da\/?s={search_term_string}\"},\"query-input\":{\"@type\":\"PropertyValueSpecification\",\"valueRequired\":true,\"valueName\":\"search_term_string\"}}],\"inLanguage\":\"da-DK\"},{\"@type\":\"Organization\",\"@id\":\"https:\/\/www.minderheitensekretariat.de\/da\/#organization\",\"name\":\"Minderheitensekretariat\",\"url\":\"https:\/\/www.minderheitensekretariat.de\/da\/\",\"logo\":{\"@type\":\"ImageObject\",\"inLanguage\":\"da-DK\",\"@id\":\"https:\/\/www.minderheitensekretariat.de\/da\/#\/schema\/logo\/image\/\",\"url\":\"https:\/\/www.minderheitensekretariat.de\/wp-content\/uploads\/2023\/03\/Min_sek_Logo_4c.jpg\",\"contentUrl\":\"https:\/\/www.minderheitensekretariat.de\/wp-content\/uploads\/2023\/03\/Min_sek_Logo_4c.jpg\",\"width\":984,\"height\":236,\"caption\":\"Minderheitensekretariat\"},\"image\":{\"@id\":\"https:\/\/www.minderheitensekretariat.de\/da\/#\/schema\/logo\/image\/\"},\"sameAs\":[\"https:\/\/www.facebook.com\/minderheitensekretariat.de\"]}]}<\/script>\n<!-- \/ Yoast SEO plugin. -->","yoast_head_json":{"title":"Nyheder - Minderheitensekretariat","robots":{"index":"index","follow":"follow","max-snippet":"max-snippet:-1","max-image-preview":"max-image-preview:large","max-video-preview":"max-video-preview:-1"},"canonical":"https:\/\/www.minderheitensekretariat.de\/da\/nyheder\/","og_locale":"da_DK","og_type":"article","og_title":"Nyheder - Minderheitensekretariat","og_description":"Nyheder","og_url":"https:\/\/www.minderheitensekretariat.de\/da\/nyheder\/","og_site_name":"Minderheitensekretariat","article_publisher":"https:\/\/www.facebook.com\/minderheitensekretariat.de","article_modified_time":"2023-06-01T13:12:48+00:00","twitter_card":"summary_large_image","schema":{"@context":"https:\/\/schema.org","@graph":[{"@type":"WebPage","@id":"https:\/\/www.minderheitensekretariat.de\/da\/nyheder\/","url":"https:\/\/www.minderheitensekretariat.de\/da\/nyheder\/","name":"Nyheder - Minderheitensekretariat","isPartOf":{"@id":"https:\/\/www.minderheitensekretariat.de\/da\/#website"},"datePublished":"2022-07-13T07:08:48+00:00","dateModified":"2023-06-01T13:12:48+00:00","breadcrumb":{"@id":"https:\/\/www.minderheitensekretariat.de\/da\/nyheder\/#breadcrumb"},"inLanguage":"da-DK","potentialAction":[{"@type":"ReadAction","target":["https:\/\/www.minderheitensekretariat.de\/da\/nyheder\/"]}]},{"@type":"BreadcrumbList","@id":"https:\/\/www.minderheitensekretariat.de\/da\/nyheder\/#breadcrumb","itemListElement":[{"@type":"ListItem","position":1,"name":"Startseite","item":"https:\/\/www.minderheitensekretariat.de\/da\/"},{"@type":"ListItem","position":2,"name":"Nyheder"}]},{"@type":"WebSite","@id":"https:\/\/www.minderheitensekretariat.de\/da\/#website","url":"https:\/\/www.minderheitensekretariat.de\/da\/","name":"Minderheitensekretariat","description":"","publisher":{"@id":"https:\/\/www.minderheitensekretariat.de\/da\/#organization"},"potentialAction":[{"@type":"SearchAction","target":{"@type":"EntryPoint","urlTemplate":"https:\/\/www.minderheitensekretariat.de\/da\/?s={search_term_string}"},"query-input":{"@type":"PropertyValueSpecification","valueRequired":true,"valueName":"search_term_string"}}],"inLanguage":"da-DK"},{"@type":"Organization","@id":"https:\/\/www.minderheitensekretariat.de\/da\/#organization","name":"Minderheitensekretariat","url":"https:\/\/www.minderheitensekretariat.de\/da\/","logo":{"@type":"ImageObject","inLanguage":"da-DK","@id":"https:\/\/www.minderheitensekretariat.de\/da\/#\/schema\/logo\/image\/","url":"https:\/\/www.minderheitensekretariat.de\/wp-content\/uploads\/2023\/03\/Min_sek_Logo_4c.jpg","contentUrl":"https:\/\/www.minderheitensekretariat.de\/wp-content\/uploads\/2023\/03\/Min_sek_Logo_4c.jpg","width":984,"height":236,"caption":"Minderheitensekretariat"},"image":{"@id":"https:\/\/www.minderheitensekretariat.de\/da\/#\/schema\/logo\/image\/"},"sameAs":["https:\/\/www.facebook.com\/minderheitensekretariat.de"]}]}},"_links":{"self":[{"href":"https:\/\/www.minderheitensekretariat.de\/da\/wp-json\/wp\/v2\/pages\/12011","targetHints":{"allow":["GET"]}}],"collection":[{"href":"https:\/\/www.minderheitensekretariat.de\/da\/wp-json\/wp\/v2\/pages"}],"about":[{"href":"https:\/\/www.minderheitensekretariat.de\/da\/wp-json\/wp\/v2\/types\/page"}],"author":[{"embeddable":true,"href":"https:\/\/www.minderheitensekretariat.de\/da\/wp-json\/wp\/v2\/users\/1"}],"replies":[{"embeddable":true,"href":"https:\/\/www.minderheitensekretariat.de\/da\/wp-json\/wp\/v2\/comments?post=12011"}],"version-history":[{"count":5,"href":"https:\/\/www.minderheitensekretariat.de\/da\/wp-json\/wp\/v2\/pages\/12011\/revisions"}],"predecessor-version":[{"id":12738,"href":"https:\/\/www.minderheitensekretariat.de\/da\/wp-json\/wp\/v2\/pages\/12011\/revisions\/12738"}],"wp:attachment":[{"href":"https:\/\/www.minderheitensekretariat.de\/da\/wp-json\/wp\/v2\/media?parent=12011"}],"curies":[{"name":"wp","href":"https:\/\/api.w.org\/{rel}","templated":true}]}}