{"id":15466,"date":"2022-08-10T11:20:03","date_gmt":"2022-08-10T09:20:03","guid":{"rendered":"https:\/\/www.minderheitensekretariat.de\/europarat\/"},"modified":"2023-09-20T08:16:35","modified_gmt":"2023-09-20T06:16:35","slug":"europarat","status":"publish","type":"page","link":"https:\/\/www.minderheitensekretariat.de\/nd\/europarat\/","title":{"rendered":"Europarat"},"content":{"rendered":"\t\t<div data-elementor-type=\"wp-page\" data-elementor-id=\"15466\" class=\"elementor elementor-15466 elementor-2749\" data-elementor-post-type=\"page\">\n\t\t\t\t\t\t<section class=\"elementor-section elementor-top-section elementor-element elementor-element-7f0a0adb elementor-section-full_width elementor-section-content-top elementor-section-height-default elementor-section-height-default\" data-id=\"7f0a0adb\" data-element_type=\"section\" data-settings=\"{&quot;background_background&quot;:&quot;gradient&quot;}\">\n\t\t\t\t\t\t\t<div class=\"elementor-background-overlay\"><\/div>\n\t\t\t\t\t\t\t<div class=\"elementor-container elementor-column-gap-default\">\n\t\t\t\t\t<div class=\"elementor-column elementor-col-100 elementor-top-column elementor-element elementor-element-36e613fb\" data-id=\"36e613fb\" data-element_type=\"column\">\n\t\t\t<div class=\"elementor-widget-wrap elementor-element-populated\">\n\t\t\t\t\t\t<section class=\"elementor-section elementor-inner-section elementor-element elementor-element-89bf144 elementor-section-full_width elementor-section-height-min-height elementor-section-height-default\" data-id=\"89bf144\" data-element_type=\"section\">\n\t\t\t\t\t\t<div class=\"elementor-container elementor-column-gap-no\">\n\t\t\t\t\t<div class=\"elementor-column elementor-col-100 elementor-inner-column elementor-element elementor-element-3c48b375\" data-id=\"3c48b375\" data-element_type=\"column\" data-settings=\"{&quot;background_background&quot;:&quot;classic&quot;}\">\n\t\t\t<div class=\"elementor-widget-wrap elementor-element-populated\">\n\t\t\t\t\t<div class=\"elementor-background-overlay\"><\/div>\n\t\t\t\t\t\t<div class=\"elementor-element elementor-element-4e59c63c elementor-widget-divider--view-line elementor-widget elementor-widget-divider\" data-id=\"4e59c63c\" data-element_type=\"widget\" data-widget_type=\"divider.default\">\n\t\t\t\t<div class=\"elementor-widget-container\">\n\t\t\t\t\t<div class=\"elementor-divider\">\n\t\t\t<span class=\"elementor-divider-separator\">\n\t\t\t\t\t\t<\/span>\n\t\t<\/div>\n\t\t\t\t<\/div>\n\t\t\t\t<\/div>\n\t\t\t\t<div class=\"elementor-element elementor-element-7601e7eb elementor-widget elementor-widget-heading\" data-id=\"7601e7eb\" data-element_type=\"widget\" data-widget_type=\"heading.default\">\n\t\t\t\t<div class=\"elementor-widget-container\">\n\t\t\t<h2 class=\"elementor-heading-title elementor-size-default\"><b>Europarat<\/b><\/h2>\t\t<\/div>\n\t\t\t\t<\/div>\n\t\t\t\t\t<\/div>\n\t\t<\/div>\n\t\t\t\t\t<\/div>\n\t\t<\/section>\n\t\t\t\t<section class=\"elementor-section elementor-inner-section elementor-element elementor-element-1bc6663f elementor-section-boxed elementor-section-height-default elementor-section-height-default\" data-id=\"1bc6663f\" data-element_type=\"section\" data-settings=\"{&quot;background_background&quot;:&quot;classic&quot;}\">\n\t\t\t\t\t\t\t<div class=\"elementor-background-overlay\"><\/div>\n\t\t\t\t\t\t\t<div class=\"elementor-container elementor-column-gap-default\">\n\t\t\t\t\t<div class=\"elementor-column elementor-col-100 elementor-inner-column elementor-element elementor-element-2daed429\" data-id=\"2daed429\" data-element_type=\"column\">\n\t\t\t<div class=\"elementor-widget-wrap elementor-element-populated\">\n\t\t\t\t\t\t<div class=\"elementor-element elementor-element-72957c47 elementor-widget elementor-widget-menu-anchor\" data-id=\"72957c47\" data-element_type=\"widget\" data-widget_type=\"menu-anchor.default\">\n\t\t\t\t<div class=\"elementor-widget-container\">\n\t\t\t\t\t<div class=\"elementor-menu-anchor\" id=\"mehr\"><\/div>\n\t\t\t\t<\/div>\n\t\t\t\t<\/div>\n\t\t\t\t<div class=\"elementor-element elementor-element-443e33bc elementor-widget elementor-widget-text-editor\" data-id=\"443e33bc\" data-element_type=\"widget\" data-widget_type=\"text-editor.default\">\n\t\t\t\t<div class=\"elementor-widget-container\">\n\t\t\t\t\t\t\t<p><b>Europarat mit der Europ\u00e4ischen Menschenrechtskonvention (EMRK) und den wichtigsten minderheitenspezifischen Dokumenten<br><\/b><\/p>\n<p>In Europa kommt dem Europarat mit der Europ\u00e4ischen Menschenrechtskonvention (<span style=\"text-decoration: underline;\"><a href=\"http:\/\/conventions.coe.int\/Treaty\/ger\/Treaties\/Html\/005.htm\">EMRK<\/a><\/span>) hinsichtlich des Menschenrechts- und Minderheitenschutzes eine gro\u00dfe Bedeutung zu. Im Gegensatz zu den politischen Bestimmungen der OSZE sind die des Europarates f\u00fcr die 47 Mitgliedsstaaten rechtlich verbindlich. Die internationale Organisation erarbeitet multilaterale v\u00f6lkerrechtliche Vertr\u00e4ge. Bei Verst\u00f6\u00dfen gegen diese kann jedes Individuum den Europ\u00e4ischen Gerichtshof f\u00fcr Menschenrechte (EGMR) in Stra\u00dfburg anrufen, d.h. der Europarat ist ebenfalls f\u00fcr den Rechtsschutz zust\u00e4ndig. Der EGMR leistet einen wesentlichen Beitrag zur Herausbildung des europ\u00e4ischen Minderheitenschutzes. Die Aufnahme in der EU erfordert seit Beginn der 1990er Jahre von den Staaten u.a. auch ein \u201eeurop\u00e4isches Mindestma\u00df\u201c an Minderheitenschutz im nationalen Recht. Das ist beachtlich, denn alle EU-Mitgliedsstaaten sind Vertragsstaaten der EMRK und dadurch an die Konvention gebunden. Die EU als solche ist in ihrem Handeln noch nicht an die EMRK gebunden. Mit dem Lissabon-Vertrag aus dem Jahr 2009 ist ein Beitritt zu ihr vorgesehen (Art. 6 (2) EUV).<\/p>\n<p>Im Jahr 1950 wurde die EMRK in Rom vom Europarat verabschiedet und trat drei Jahre sp\u00e4ter in Kraft. Sie enth\u00e4lt einen Katalog mit den wichtigsten Grund- und Menschenrechten. Spezielle Minderheitenrechte sind zwar nicht enthalten; das Diskriminierungsverbot nach Art. 14 EMRK ist jedoch f\u00fcr den Minderheitenschutz von wesentlicher Bedeutung. Niemand darf aufgrund seiner Zugeh\u00f6rigkeit zu einer nationalen Minderheit schlechter behandelt werden. An diesem Artikel orientiert sich Art. 21 der Charta der Grundrechte der EU.<\/p>\n<p>Der Europarat hat mit dem Rahmen\u00fcbereinkommen zum Schutz nationaler Minderheiten sowie der Europ\u00e4ischen Charta der Regional- oder Minderheitensprachen (Sprachencharta) die wichtigsten rechtsverbindlichen Instrumente Europas ausgearbeitet.<\/p>\n<p>Das Rahmen\u00fcbereinkommen und die Sprachencharta erg\u00e4nzen sich gegenseitig. W\u00e4hrend das Rahmen\u00fcbereinkommen allgemeine politische Bestimmungen festlegt, liegt der Fokus der Sprachencharta auf dem sprachlich-kulturellen Gebiet.<\/p>\n<p><b>Rahmen\u00fcbereinkommen zum Schutz nationaler Minderheiten<\/b><\/p>\n<p>Die Mitgliedsstaaten des Europarats erarbeiteten seit 1993 ein <a href=\"http:\/\/conventions.coe.int\/Treaty\/ger\/Treaties\/Html\/157.htm\">Rahmen\u00fcbereinkommen zum Schutz nationaler Minderheiten<\/a>, welches am 1. Februar 1995 zur Zeichnung aufgelegt wurde. Das in Deutschland im Jahr 1998 in Kraft getretene \u00dcbereinkommen verbietet jede Diskriminierung einer Person wegen ihrer Zugeh\u00f6rigkeit zu einer nationalen Minderheit sowie eine Assimilierung gegen ihren Willen. Ferner verpflichtet es die Mitgliedsstaaten zum Schutz der Freiheitsrechte und zu umf\u00e4nglichen F\u00f6rderma\u00dfnahmen zugunsten der nationalen Minderheiten. Das Rahmen\u00fcbereinkommen gilt in Deutschland als Bundesgesetz und hat somit Vorrang zum Beispiel gegen\u00fcber Landesgesetzen. Von den gegenw\u00e4rtig 47 Mitgliedsstaaten des Europarates haben 39 Staaten das Rahmen\u00fcbereinkommen ratifiziert, weitere vier Staaten haben das \u00dcbereinkommen gezeichnet. Ausnahmen bleiben Frankreich, Griechenland, Belgien, Monaco, Luxemburg, Andorra, Island und die T\u00fcrkei (Stand 12\/2022).<\/p>\n<p>Deutschland hat sich aktiv an der Erarbeitung des \u00dcbereinkommens beteiligt und sich f\u00fcr eine m\u00f6glichst effiziente Umsetzung stark gemacht. Denn mindestens ebenso wichtig wie das Eingehen v\u00f6lkerrechtlicher Verpflichtungen sind die Mechanismen, die sicherstellen, dass die Vertragsstaaten ihre Verpflichtungen einhalten.<\/p>\n<p>So m\u00fcssen Unterzeichnerstaaten innerhalb eines Jahres nach Inkrafttreten den Europarat umfassend \u00fcber die Umsetzung informieren, danach alle f\u00fcnf Jahre Bericht erstatten.<\/p>\n<p>Ein Beratender Ausschuss von unabh\u00e4ngigen Experten und Expertinnen unterst\u00fctzt den Europarat bei seinen Kontrollaufgaben.<\/p>\n<ul>\n<li>\n<h6><span style=\"text-decoration: underline;\"><a href=\"https:\/\/www.bmi.bund.de\/DE\/themen\/heimat-integration\/minderheiten\/minderheitenrecht\/minderheitenrecht-node.html\">Zu den Berichten der Bundesrepublik Deutschland<\/a><\/span>&nbsp;<\/h6>\n<\/li>\n<li>\n<h6><span style=\"text-decoration: underline;\"><a href=\"https:\/\/www.coe.int\/en\/web\/minorities\/germany\">Zu den Pr\u00fcfberichten des Beratenden Ausschusses und den Stellungnahmen Deutschlands<\/a><\/span><\/h6>\n<\/li>\n<\/ul>\n<p><b>Europ\u00e4ische Charta der Regional- oder Minderheitensprachen<\/b><\/p>\n<p>Mit der&nbsp;<a href=\"http:\/\/conventions.coe.int\/treaty\/ger\/Treaties\/Html\/148.htm\"><span style=\"text-decoration: underline;\">Europ\u00e4ischen Charta der Regional- oder Minderheitensprachen<\/span><\/a>&nbsp;sollen traditionell in einem Vertragsstaat gesprochene Minderheiten- und Regionalsprachen als bedrohter Aspekt des europ\u00e4ischen Kulturerbes gesch\u00fctzt und gef\u00f6rdert werden. Die geforderten Ma\u00dfnahmen beziehen sich auf das Bildungswesen, insbesondere den Unterricht der Sprache und in der Sprache, die Verwendung der Regional- oder Minderheitensprachen in Gerichtsverfahren und vor Verwaltungsbeh\u00f6rden, das Nutzen der Sprache in Rundfunk und Presse, bei kulturellen T\u00e4tigkeiten und Einrichtungen sowie im wirtschaftlichen und sozialen Leben.<\/p>\n<p>Allerdings ist die Sprachencharta eine sogenannte \u201eMen\u00fckonvention\u201c. Das hei\u00dft, die Staaten haben die M\u00f6glichkeit, aus den oben genannten Lebensbereichen zwischen mehreren Verpflichtungsalternativen zu w\u00e4hlen. Jede Vertragspartei muss dabei mindestens 35 Paragrafen oder Abs\u00e4tze aus einem Ma\u00dfnahmenkatalog anwenden, einschlie\u00dflich einer Anzahl zwingender Ma\u00dfnahmen, die aus einem \u201eKernbereich\u201c auszuw\u00e4hlen sind.<\/p>\n<p>F\u00fcr die Umsetzung der Sprachencharta sind in Deutschland vor allem die L\u00e4nder und nur in geringem Umfang der Bund zust\u00e4ndig \u2013 aufgrund der L\u00e4nderhoheit insbesondere im Bildungswesen. Vor der Unterzeichnung der Charta durch die Bundesrepublik Deutschland wurde daher den L\u00e4ndern die M\u00f6glichkeit er\u00f6ffnet, sich angepasst an die unterschiedlichen Lebensbedingungen der einzelnen Minderheiten- und Sprachgruppen vor Ort situationsgerecht zur Umsetzung einzelner Ma\u00dfnahmen zu verpflichten. Die Verpflichtungen der jeweiligen L\u00e4nder variieren im Detail \u2013 je nach Minderheit und Sprachgruppe.<\/p>\n<p>Die Charta wurde am 5. November 1992 in Stra\u00dfburg zur Zeichnung aufgelegt, trat aber erst am 1. M\u00e4rz 1998 in Kraft, als die notwendige Anzahl von f\u00fcnf Ratifikationen erreicht wurde. Die Bundesrepublik Deutschland geh\u00f6rt zu den Erstunterzeichnerstaaten der Charta am 5. November 1992. Durch Gesetz vom 9. Juli 1998 hat der Deutsche Bundestag mit Zustimmung des Bundesrates die Charta angenommen, sie trat am 1. Januar 1999 in Deutschland in Kraft. Wie das Rahmen\u00fcbereinkommen gilt die Sprachencharta in Deutschland als Bundesgesetz, das nachrangiges Recht \u2013 einschlie\u00dflich der Landesgesetze \u2013 bricht und gegen\u00fcber sonstigen Bundesgesetzen grunds\u00e4tzlich als das speziellere Gesetz anzuwenden ist. Von den gegenw\u00e4rtig 47 Mitgliedstaaten des Europarates haben bislang 25 Staaten die Charta ratifiziert, neun Staaten haben die Charta lediglich gezeichnet (Stand 12\/2022).<\/p>\n<ul>\n<li>\n<h6><span style=\"text-decoration: underline;\"><a href=\"https:\/\/www.bmi.bund.de\/DE\/themen\/heimat-integration\/minderheiten\/minderheitenrecht\/minderheitenrecht-node.html\">Zu den Berichten der Bundesrepublik Deutschland<\/a><\/span><\/h6>\n<\/li>\n<li>\n<h6><span style=\"text-decoration: underline;\"><a href=\"https:\/\/www.coe.int\/en\/web\/european-charter-regional-or-minority-languages\/reports-and-recommendations#%7B%2228993157%22:%5B8%5D%7D\">Zu den Pr\u00fcfberichten<\/a><\/span><\/h6>\n<\/li>\n<\/ul>\t\t\t\t\t\t<\/div>\n\t\t\t\t<\/div>\n\t\t\t\t\t<\/div>\n\t\t<\/div>\n\t\t\t\t\t<\/div>\n\t\t<\/section>\n\t\t\t\t\t<\/div>\n\t\t<\/div>\n\t\t\t\t\t<\/div>\n\t\t<\/section>\n\t\t\t\t<\/div>\n\t\t","protected":false},"excerpt":{"rendered":"<p>Europarat Europarat mit der Europ\u00e4ischen Menschenrechtskonvention (EMRK) und den wichtigsten minderheitenspezifischen Dokumenten In Europa kommt dem Europarat mit der Europ\u00e4ischen Menschenrechtskonvention (EMRK) hinsichtlich des Menschenrechts- und Minderheitenschutzes eine gro\u00dfe Bedeutung zu. Im Gegensatz zu den politischen Bestimmungen der OSZE sind die des Europarates f\u00fcr die 47 Mitgliedsstaaten rechtlich verbindlich. Die internationale Organisation erarbeitet multilaterale v\u00f6lkerrechtliche [&hellip;]<\/p>\n","protected":false},"author":2,"featured_media":0,"parent":0,"menu_order":0,"comment_status":"closed","ping_status":"closed","template":"elementor_header_footer","meta":{"footnotes":""},"class_list":["post-15466","page","type-page","status-publish","hentry"],"yoast_head":"<!-- This site is optimized with the Yoast SEO plugin v23.8 - https:\/\/yoast.com\/wordpress\/plugins\/seo\/ -->\n<title>Europarat - Minderheitensekretariat<\/title>\n<meta name=\"robots\" content=\"index, follow, max-snippet:-1, max-image-preview:large, max-video-preview:-1\" \/>\n<link rel=\"canonical\" href=\"https:\/\/www.minderheitensekretariat.de\/nd\/europarat\/\" \/>\n<meta property=\"og:locale\" content=\"en_US\" \/>\n<meta property=\"og:type\" content=\"article\" \/>\n<meta property=\"og:title\" content=\"Europarat - Minderheitensekretariat\" \/>\n<meta property=\"og:description\" content=\"Europarat Europarat mit der Europ\u00e4ischen Menschenrechtskonvention (EMRK) und den wichtigsten minderheitenspezifischen Dokumenten In Europa kommt dem Europarat mit der Europ\u00e4ischen Menschenrechtskonvention (EMRK) hinsichtlich des Menschenrechts- und Minderheitenschutzes eine gro\u00dfe Bedeutung zu. Im Gegensatz zu den politischen Bestimmungen der OSZE sind die des Europarates f\u00fcr die 47 Mitgliedsstaaten rechtlich verbindlich. Die internationale Organisation erarbeitet multilaterale v\u00f6lkerrechtliche [&hellip;]\" \/>\n<meta property=\"og:url\" content=\"https:\/\/www.minderheitensekretariat.de\/nd\/europarat\/\" \/>\n<meta property=\"og:site_name\" content=\"Minderheitensekretariat\" \/>\n<meta property=\"article:publisher\" content=\"https:\/\/www.facebook.com\/minderheitensekretariat.de\" \/>\n<meta property=\"article:modified_time\" content=\"2023-09-20T06:16:35+00:00\" \/>\n<meta name=\"twitter:card\" content=\"summary_large_image\" \/>\n<meta name=\"twitter:label1\" content=\"Est. reading time\" \/>\n\t<meta name=\"twitter:data1\" content=\"4 minutes\" \/>\n<script type=\"application\/ld+json\" class=\"yoast-schema-graph\">{\"@context\":\"https:\/\/schema.org\",\"@graph\":[{\"@type\":\"WebPage\",\"@id\":\"https:\/\/www.minderheitensekretariat.de\/nd\/europarat\/\",\"url\":\"https:\/\/www.minderheitensekretariat.de\/nd\/europarat\/\",\"name\":\"Europarat - Minderheitensekretariat\",\"isPartOf\":{\"@id\":\"https:\/\/www.minderheitensekretariat.de\/nd\/#website\"},\"datePublished\":\"2022-08-10T09:20:03+00:00\",\"dateModified\":\"2023-09-20T06:16:35+00:00\",\"breadcrumb\":{\"@id\":\"https:\/\/www.minderheitensekretariat.de\/nd\/europarat\/#breadcrumb\"},\"inLanguage\":\"nd-ND\",\"potentialAction\":[{\"@type\":\"ReadAction\",\"target\":[\"https:\/\/www.minderheitensekretariat.de\/nd\/europarat\/\"]}]},{\"@type\":\"BreadcrumbList\",\"@id\":\"https:\/\/www.minderheitensekretariat.de\/nd\/europarat\/#breadcrumb\",\"itemListElement\":[{\"@type\":\"ListItem\",\"position\":1,\"name\":\"Startseite\",\"item\":\"https:\/\/www.minderheitensekretariat.de\/nd\/\"},{\"@type\":\"ListItem\",\"position\":2,\"name\":\"Europarat\"}]},{\"@type\":\"WebSite\",\"@id\":\"https:\/\/www.minderheitensekretariat.de\/nd\/#website\",\"url\":\"https:\/\/www.minderheitensekretariat.de\/nd\/\",\"name\":\"Minderheitensekretariat\",\"description\":\"\",\"publisher\":{\"@id\":\"https:\/\/www.minderheitensekretariat.de\/nd\/#organization\"},\"potentialAction\":[{\"@type\":\"SearchAction\",\"target\":{\"@type\":\"EntryPoint\",\"urlTemplate\":\"https:\/\/www.minderheitensekretariat.de\/nd\/?s={search_term_string}\"},\"query-input\":{\"@type\":\"PropertyValueSpecification\",\"valueRequired\":true,\"valueName\":\"search_term_string\"}}],\"inLanguage\":\"nd-ND\"},{\"@type\":\"Organization\",\"@id\":\"https:\/\/www.minderheitensekretariat.de\/nd\/#organization\",\"name\":\"Minderheitensekretariat\",\"url\":\"https:\/\/www.minderheitensekretariat.de\/nd\/\",\"logo\":{\"@type\":\"ImageObject\",\"inLanguage\":\"nd-ND\",\"@id\":\"https:\/\/www.minderheitensekretariat.de\/nd\/#\/schema\/logo\/image\/\",\"url\":\"https:\/\/www.minderheitensekretariat.de\/wp-content\/uploads\/2023\/03\/Min_sek_Logo_4c.jpg\",\"contentUrl\":\"https:\/\/www.minderheitensekretariat.de\/wp-content\/uploads\/2023\/03\/Min_sek_Logo_4c.jpg\",\"width\":984,\"height\":236,\"caption\":\"Minderheitensekretariat\"},\"image\":{\"@id\":\"https:\/\/www.minderheitensekretariat.de\/nd\/#\/schema\/logo\/image\/\"},\"sameAs\":[\"https:\/\/www.facebook.com\/minderheitensekretariat.de\"]}]}<\/script>\n<!-- \/ Yoast SEO plugin. -->","yoast_head_json":{"title":"Europarat - Minderheitensekretariat","robots":{"index":"index","follow":"follow","max-snippet":"max-snippet:-1","max-image-preview":"max-image-preview:large","max-video-preview":"max-video-preview:-1"},"canonical":"https:\/\/www.minderheitensekretariat.de\/nd\/europarat\/","og_locale":"en_US","og_type":"article","og_title":"Europarat - Minderheitensekretariat","og_description":"Europarat Europarat mit der Europ\u00e4ischen Menschenrechtskonvention (EMRK) und den wichtigsten minderheitenspezifischen Dokumenten In Europa kommt dem Europarat mit der Europ\u00e4ischen Menschenrechtskonvention (EMRK) hinsichtlich des Menschenrechts- und Minderheitenschutzes eine gro\u00dfe Bedeutung zu. Im Gegensatz zu den politischen Bestimmungen der OSZE sind die des Europarates f\u00fcr die 47 Mitgliedsstaaten rechtlich verbindlich. Die internationale Organisation erarbeitet multilaterale v\u00f6lkerrechtliche [&hellip;]","og_url":"https:\/\/www.minderheitensekretariat.de\/nd\/europarat\/","og_site_name":"Minderheitensekretariat","article_publisher":"https:\/\/www.facebook.com\/minderheitensekretariat.de","article_modified_time":"2023-09-20T06:16:35+00:00","twitter_card":"summary_large_image","twitter_misc":{"Est. reading time":"4 minutes"},"schema":{"@context":"https:\/\/schema.org","@graph":[{"@type":"WebPage","@id":"https:\/\/www.minderheitensekretariat.de\/nd\/europarat\/","url":"https:\/\/www.minderheitensekretariat.de\/nd\/europarat\/","name":"Europarat - Minderheitensekretariat","isPartOf":{"@id":"https:\/\/www.minderheitensekretariat.de\/nd\/#website"},"datePublished":"2022-08-10T09:20:03+00:00","dateModified":"2023-09-20T06:16:35+00:00","breadcrumb":{"@id":"https:\/\/www.minderheitensekretariat.de\/nd\/europarat\/#breadcrumb"},"inLanguage":"nd-ND","potentialAction":[{"@type":"ReadAction","target":["https:\/\/www.minderheitensekretariat.de\/nd\/europarat\/"]}]},{"@type":"BreadcrumbList","@id":"https:\/\/www.minderheitensekretariat.de\/nd\/europarat\/#breadcrumb","itemListElement":[{"@type":"ListItem","position":1,"name":"Startseite","item":"https:\/\/www.minderheitensekretariat.de\/nd\/"},{"@type":"ListItem","position":2,"name":"Europarat"}]},{"@type":"WebSite","@id":"https:\/\/www.minderheitensekretariat.de\/nd\/#website","url":"https:\/\/www.minderheitensekretariat.de\/nd\/","name":"Minderheitensekretariat","description":"","publisher":{"@id":"https:\/\/www.minderheitensekretariat.de\/nd\/#organization"},"potentialAction":[{"@type":"SearchAction","target":{"@type":"EntryPoint","urlTemplate":"https:\/\/www.minderheitensekretariat.de\/nd\/?s={search_term_string}"},"query-input":{"@type":"PropertyValueSpecification","valueRequired":true,"valueName":"search_term_string"}}],"inLanguage":"nd-ND"},{"@type":"Organization","@id":"https:\/\/www.minderheitensekretariat.de\/nd\/#organization","name":"Minderheitensekretariat","url":"https:\/\/www.minderheitensekretariat.de\/nd\/","logo":{"@type":"ImageObject","inLanguage":"nd-ND","@id":"https:\/\/www.minderheitensekretariat.de\/nd\/#\/schema\/logo\/image\/","url":"https:\/\/www.minderheitensekretariat.de\/wp-content\/uploads\/2023\/03\/Min_sek_Logo_4c.jpg","contentUrl":"https:\/\/www.minderheitensekretariat.de\/wp-content\/uploads\/2023\/03\/Min_sek_Logo_4c.jpg","width":984,"height":236,"caption":"Minderheitensekretariat"},"image":{"@id":"https:\/\/www.minderheitensekretariat.de\/nd\/#\/schema\/logo\/image\/"},"sameAs":["https:\/\/www.facebook.com\/minderheitensekretariat.de"]}]}},"_links":{"self":[{"href":"https:\/\/www.minderheitensekretariat.de\/nd\/wp-json\/wp\/v2\/pages\/15466","targetHints":{"allow":["GET"]}}],"collection":[{"href":"https:\/\/www.minderheitensekretariat.de\/nd\/wp-json\/wp\/v2\/pages"}],"about":[{"href":"https:\/\/www.minderheitensekretariat.de\/nd\/wp-json\/wp\/v2\/types\/page"}],"author":[{"embeddable":true,"href":"https:\/\/www.minderheitensekretariat.de\/nd\/wp-json\/wp\/v2\/users\/2"}],"replies":[{"embeddable":true,"href":"https:\/\/www.minderheitensekretariat.de\/nd\/wp-json\/wp\/v2\/comments?post=15466"}],"version-history":[{"count":1,"href":"https:\/\/www.minderheitensekretariat.de\/nd\/wp-json\/wp\/v2\/pages\/15466\/revisions"}],"predecessor-version":[{"id":15469,"href":"https:\/\/www.minderheitensekretariat.de\/nd\/wp-json\/wp\/v2\/pages\/15466\/revisions\/15469"}],"wp:attachment":[{"href":"https:\/\/www.minderheitensekretariat.de\/nd\/wp-json\/wp\/v2\/media?parent=15466"}],"curies":[{"name":"wp","href":"https:\/\/api.w.org\/{rel}","templated":true}]}}