{"version":"1.0","provider_name":"Minderheitensekretariat","provider_url":"https:\/\/www.minderheitensekretariat.de\/sat\/","author_name":"Johannes Orthmayr","author_url":"https:\/\/www.minderheitensekretariat.de\/sat\/author\/starkad\/","title":"Fr\u00e4iske R\u00e4id un Seelter Bund - Minderheitensekretariat","type":"rich","width":600,"height":338,"html":"<blockquote class=\"wp-embedded-content\" data-secret=\"feTEhx7IWp\"><a href=\"https:\/\/www.minderheitensekretariat.de\/sat\/fraeiske-raeid-un-seelter-bund\/\">Fr\u00e4iske R\u00e4id un Seelter Bund<\/a><\/blockquote><iframe sandbox=\"allow-scripts\" security=\"restricted\" src=\"https:\/\/www.minderheitensekretariat.de\/sat\/fraeiske-raeid-un-seelter-bund\/embed\/#?secret=feTEhx7IWp\" width=\"600\" height=\"338\" title=\"&#8220;Fr\u00e4iske R\u00e4id un Seelter Bund&#8221; &#8212; Minderheitensekretariat\" data-secret=\"feTEhx7IWp\" frameborder=\"0\" marginwidth=\"0\" marginheight=\"0\" scrolling=\"no\" class=\"wp-embedded-content\"><\/iframe><script>\n\/*! This file is auto-generated *\/\n!function(d,l){\"use strict\";l.querySelector&&d.addEventListener&&\"undefined\"!=typeof URL&&(d.wp=d.wp||{},d.wp.receiveEmbedMessage||(d.wp.receiveEmbedMessage=function(e){var t=e.data;if((t||t.secret||t.message||t.value)&&!\/[^a-zA-Z0-9]\/.test(t.secret)){for(var s,r,n,a=l.querySelectorAll('iframe[data-secret=\"'+t.secret+'\"]'),o=l.querySelectorAll('blockquote[data-secret=\"'+t.secret+'\"]'),c=new RegExp(\"^https?:$\",\"i\"),i=0;i<o.length;i++)o[i].style.display=\"none\";for(i=0;i<a.length;i++)s=a[i],e.source===s.contentWindow&&(s.removeAttribute(\"style\"),\"height\"===t.message?(1e3<(r=parseInt(t.value,10))?r=1e3:~~r<200&&(r=200),s.height=r):\"link\"===t.message&&(r=new URL(s.getAttribute(\"src\")),n=new URL(t.value),c.test(n.protocol))&&n.host===r.host&&l.activeElement===s&&(d.top.location.href=t.value))}},d.addEventListener(\"message\",d.wp.receiveEmbedMessage,!1),l.addEventListener(\"DOMContentLoaded\",function(){for(var e,t,s=l.querySelectorAll(\"iframe.wp-embedded-content\"),r=0;r<s.length;r++)(t=(e=s[r]).getAttribute(\"data-secret\"))||(t=Math.random().toString(36).substring(2,12),e.src+=\"#?secret=\"+t,e.setAttribute(\"data-secret\",t)),e.contentWindow.postMessage({message:\"ready\",secret:t},\"*\")},!1)))}(window,document);\n\/\/# sourceURL=https:\/\/www.minderheitensekretariat.de\/wp-includes\/js\/wp-embed.min.js\n<\/script>\n","description":"Fr\u00e4iske R\u00e4id un Seelter Bund Fr\u00e4isenr\u00e4id Sektion Noud e. V. Ju Dakorganizatsion foar aal Fereene un Vereine, do in Noudfr\u00e4islound un Helgolound foar Noudfr\u00e4isk oarbaidje, is die Frasche R\u00e4dj (Fr\u00e4isenr\u00e4id Sektion Noud e. V.). In ju Oarbaid wetseldeges ferstoant hie sik as Kontakt- un Koordinierungsstede, ju do gemeensoamen Intr\u00e4ssen fon do Fr\u00e4isen \u00e4tter Buten wai [&hellip;]","thumbnail_url":"https:\/\/www.minderheitensekretariat.de\/wp-content\/uploads\/2022\/08\/Friesenrat_Logo-1024x299.png"}