{"id":15413,"date":"2022-08-09T12:12:14","date_gmt":"2022-08-09T10:12:14","guid":{"rendered":"https:\/\/www.minderheitensekretariat.de\/fraeiske-raeid-un-seelter-bund\/"},"modified":"2023-09-19T12:55:07","modified_gmt":"2023-09-19T10:55:07","slug":"fraeiske-raeid-un-seelter-bund","status":"publish","type":"page","link":"https:\/\/www.minderheitensekretariat.de\/sat\/fraeiske-raeid-un-seelter-bund\/","title":{"rendered":"Fr\u00e4iske R\u00e4id un Seelter Bund"},"content":{"rendered":"\t\t<div data-elementor-type=\"wp-page\" data-elementor-id=\"15413\" class=\"elementor elementor-15413 elementor-2564\" data-elementor-post-type=\"page\">\n\t\t\t\t\t\t<section class=\"elementor-section elementor-top-section elementor-element elementor-element-ca71e11 elementor-section-full_width elementor-section-content-top elementor-section-height-default elementor-section-height-default\" data-id=\"ca71e11\" data-element_type=\"section\" data-settings=\"{&quot;background_background&quot;:&quot;gradient&quot;}\">\n\t\t\t\t\t\t\t<div class=\"elementor-background-overlay\"><\/div>\n\t\t\t\t\t\t\t<div class=\"elementor-container elementor-column-gap-default\">\n\t\t\t\t\t<div class=\"elementor-column elementor-col-100 elementor-top-column elementor-element elementor-element-4b801b4\" data-id=\"4b801b4\" data-element_type=\"column\">\n\t\t\t<div class=\"elementor-widget-wrap elementor-element-populated\">\n\t\t\t\t\t\t<section class=\"elementor-section elementor-inner-section elementor-element elementor-element-9a87323 elementor-section-full_width elementor-section-height-min-height elementor-section-height-default\" data-id=\"9a87323\" data-element_type=\"section\">\n\t\t\t\t\t\t<div class=\"elementor-container elementor-column-gap-no\">\n\t\t\t\t\t<div class=\"elementor-column elementor-col-100 elementor-inner-column elementor-element elementor-element-1d127b9\" data-id=\"1d127b9\" data-element_type=\"column\" data-settings=\"{&quot;background_background&quot;:&quot;classic&quot;}\">\n\t\t\t<div class=\"elementor-widget-wrap elementor-element-populated\">\n\t\t\t\t\t<div class=\"elementor-background-overlay\"><\/div>\n\t\t\t\t\t\t<div class=\"elementor-element elementor-element-0df3ef1 elementor-widget-divider--view-line elementor-widget elementor-widget-divider\" data-id=\"0df3ef1\" data-element_type=\"widget\" data-widget_type=\"divider.default\">\n\t\t\t\t<div class=\"elementor-widget-container\">\n\t\t\t\t\t<div class=\"elementor-divider\">\n\t\t\t<span class=\"elementor-divider-separator\">\n\t\t\t\t\t\t<\/span>\n\t\t<\/div>\n\t\t\t\t<\/div>\n\t\t\t\t<\/div>\n\t\t\t\t<div class=\"elementor-element elementor-element-c29eebd elementor-widget elementor-widget-heading\" data-id=\"c29eebd\" data-element_type=\"widget\" data-widget_type=\"heading.default\">\n\t\t\t\t<div class=\"elementor-widget-container\">\n\t\t\t<h2 class=\"elementor-heading-title elementor-size-default\"><strong>Fr\u00e4iske R\u00e4id<\/strong> un <strong>Seelter Bund<\/strong> <\/h2>\t\t<\/div>\n\t\t\t\t<\/div>\n\t\t\t\t\t<\/div>\n\t\t<\/div>\n\t\t\t\t\t<\/div>\n\t\t<\/section>\n\t\t\t\t<section class=\"elementor-section elementor-inner-section elementor-element elementor-element-ec4081f elementor-section-boxed elementor-section-height-default elementor-section-height-default\" data-id=\"ec4081f\" data-element_type=\"section\" data-settings=\"{&quot;background_background&quot;:&quot;classic&quot;}\">\n\t\t\t\t\t\t\t<div class=\"elementor-background-overlay\"><\/div>\n\t\t\t\t\t\t\t<div class=\"elementor-container elementor-column-gap-default\">\n\t\t\t\t\t<div class=\"elementor-column elementor-col-100 elementor-inner-column elementor-element elementor-element-235bb58\" data-id=\"235bb58\" data-element_type=\"column\">\n\t\t\t<div class=\"elementor-widget-wrap elementor-element-populated\">\n\t\t\t\t\t\t<div class=\"elementor-element elementor-element-1054adb elementor-widget elementor-widget-menu-anchor\" data-id=\"1054adb\" data-element_type=\"widget\" data-widget_type=\"menu-anchor.default\">\n\t\t\t\t<div class=\"elementor-widget-container\">\n\t\t\t\t\t<div class=\"elementor-menu-anchor\" id=\"moor\"><\/div>\n\t\t\t\t<\/div>\n\t\t\t\t<\/div>\n\t\t\t\t<div class=\"elementor-element elementor-element-c939eff elementor-widget elementor-widget-heading\" data-id=\"c939eff\" data-element_type=\"widget\" data-widget_type=\"heading.default\">\n\t\t\t\t<div class=\"elementor-widget-container\">\n\t\t\t<h1 class=\"elementor-heading-title elementor-size-default\"><strong>Fr\u00e4isenr\u00e4id Sektion Noud e. V. <\/strong><\/h1>\t\t<\/div>\n\t\t\t\t<\/div>\n\t\t\t\t<div class=\"elementor-element elementor-element-81bb70b elementor-widget-divider--view-line elementor-widget elementor-widget-divider\" data-id=\"81bb70b\" data-element_type=\"widget\" data-widget_type=\"divider.default\">\n\t\t\t\t<div class=\"elementor-widget-container\">\n\t\t\t\t\t<div class=\"elementor-divider\">\n\t\t\t<span class=\"elementor-divider-separator\">\n\t\t\t\t\t\t<\/span>\n\t\t<\/div>\n\t\t\t\t<\/div>\n\t\t\t\t<\/div>\n\t\t\t\t<div class=\"elementor-element elementor-element-563c2c3 elementor-widget elementor-widget-text-editor\" data-id=\"563c2c3\" data-element_type=\"widget\" data-widget_type=\"text-editor.default\">\n\t\t\t\t<div class=\"elementor-widget-container\">\n\t\t\t\t\t\t\t<p>Ju Dakorganizatsion foar aal Fereene un Vereine, do in Noudfr\u00e4islound un Helgolound foar Noudfr\u00e4isk oarbaidje, is die Frasche R\u00e4dj (Fr\u00e4isenr\u00e4id Sektion Noud e. V.). In ju Oarbaid wetseldeges ferstoant hie sik as Kontakt- un Koordinierungsstede, ju do gemeensoamen Intr\u00e4ssen fon do Fr\u00e4isen \u00e4tter Buten wai un in uur Gremien fertr\u00e4t. Do Liede fon d\u00e4n Fr\u00e4isenr\u00e4id sunt w\u00e4\u00e4lde Meeksmonljude\/Fertreder fon hiere Fereene.<\/p>\n\t\t\t\t\t\t<\/div>\n\t\t\t\t<\/div>\n\t\t\t\t<div class=\"elementor-element elementor-element-4685c67 elementor-widget elementor-widget-image\" data-id=\"4685c67\" data-element_type=\"widget\" data-widget_type=\"image.default\">\n\t\t\t\t<div class=\"elementor-widget-container\">\n\t\t\t\t\t\t\t\t\t\t\t\t\t\t<a href=\"http:\/\/www.interfriesischerrat.de\/\" target=\"_blank\">\n\t\t\t\t\t\t\t<img fetchpriority=\"high\" decoding=\"async\" width=\"800\" height=\"234\" src=\"https:\/\/www.minderheitensekretariat.de\/wp-content\/uploads\/2022\/08\/Friesenrat_Logo-1024x299.png\" class=\"attachment-large size-large wp-image-5415\" alt=\"\" srcset=\"https:\/\/www.minderheitensekretariat.de\/wp-content\/uploads\/2022\/08\/Friesenrat_Logo-1024x299.png 1024w, https:\/\/www.minderheitensekretariat.de\/wp-content\/uploads\/2022\/08\/Friesenrat_Logo-300x88.png 300w, https:\/\/www.minderheitensekretariat.de\/wp-content\/uploads\/2022\/08\/Friesenrat_Logo-768x224.png 768w, https:\/\/www.minderheitensekretariat.de\/wp-content\/uploads\/2022\/08\/Friesenrat_Logo.png 1200w\" sizes=\"(max-width: 800px) 100vw, 800px\" \/>\t\t\t\t\t\t\t\t<\/a>\n\t\t\t\t\t\t\t\t\t\t\t\t\t<\/div>\n\t\t\t\t<\/div>\n\t\t\t\t<div class=\"elementor-element elementor-element-150f285 elementor-widget elementor-widget-text-editor\" data-id=\"150f285\" data-element_type=\"widget\" data-widget_type=\"text-editor.default\">\n\t\t\t\t<div class=\"elementor-widget-container\">\n\t\t\t\t\t\t\t<p>Die Frasche r\u00e4dj sit in Br\u00e4ist in Noudfr\u00e4islound in Sleswig-Holsteen. Ju Apgoawe fon d\u00e4n Frasche R\u00e4dj kon me in fjauer Ber\u00e4kke unnerdeele:<\/p>\n<ul>\n<li>\n<h6>organizatoriske un inhaltlike Oarbaid,<\/h6>\n<\/li>\n<li>\n<h6>Tousoamenoarbaid m\u00e4d d\u00e4n Interfr\u00e4isken R\u00e4id Interfrasche R\u00e4dj un do Jierestr\u00e4ffen,<\/h6>\n<\/li>\n<li>\n<h6>Kontakt un Tousoamenoarbaid m\u00e4d do stoatlike Iengjuchtenge ap Iuwene fon\u00b4t Lound, fon d\u00e4n Buund un Europa,<\/h6>\n<\/li>\n<li>\n<h6>repr\u00e4sentatiwe Apgoawen<\/h6>\n<\/li>\n<\/ul>\n<p><a href=\"http:\/\/www.interfriesischerrat.de\/\"><span style=\"text-decoration: underline;\"><strong>Tou ju Huussiede in\u00b4t N\u00e4t fon d\u00e4n Frasche R\u00e4dj<\/strong><\/span><\/a><br \/><a href=\"https:\/\/www.minderheitensekretariat.de\/die-friesische-volksgruppe\/\"><span style=\"text-decoration: underline;\"><strong>Moor uur do Fr\u00e4isen<\/strong><\/span><\/a><\/p>\n<p><strong>Fertreder in d\u00e4n Minderhaidenr\u00e4id is ju Forsitterske fon d\u00e4n Frasche R\u00e4dj\/Fr\u00e4isenr\u00e4id Sektion Noud, Ilse Johanna Christiansen. Hiere Weerniemer is Heinrich Bahnsen.<\/strong><\/p>\n\t\t\t\t\t\t<\/div>\n\t\t\t\t<\/div>\n\t\t\t\t\t<\/div>\n\t\t<\/div>\n\t\t\t\t\t<\/div>\n\t\t<\/section>\n\t\t\t\t<section class=\"elementor-section elementor-inner-section elementor-element elementor-element-dd7da77 elementor-section-boxed elementor-section-height-default elementor-section-height-default\" data-id=\"dd7da77\" data-element_type=\"section\">\n\t\t\t\t\t\t<div class=\"elementor-container elementor-column-gap-default\">\n\t\t\t\t\t<div class=\"elementor-column elementor-col-100 elementor-inner-column elementor-element elementor-element-be692ec\" data-id=\"be692ec\" data-element_type=\"column\" data-settings=\"{&quot;background_background&quot;:&quot;classic&quot;}\">\n\t\t\t<div class=\"elementor-widget-wrap elementor-element-populated\">\n\t\t\t\t\t\t<section class=\"elementor-section elementor-inner-section elementor-element elementor-element-79ea214 elementor-section-boxed elementor-section-height-default elementor-section-height-default\" data-id=\"79ea214\" data-element_type=\"section\">\n\t\t\t\t\t\t<div class=\"elementor-container elementor-column-gap-default\">\n\t\t\t\t\t<div class=\"elementor-column elementor-col-100 elementor-inner-column elementor-element elementor-element-2484242\" data-id=\"2484242\" data-element_type=\"column\">\n\t\t\t<div class=\"elementor-widget-wrap elementor-element-populated\">\n\t\t\t\t\t\t<div class=\"elementor-element elementor-element-b47434d elementor-widget elementor-widget-heading\" data-id=\"b47434d\" data-element_type=\"widget\" data-widget_type=\"heading.default\">\n\t\t\t\t<div class=\"elementor-widget-container\">\n\t\t\t<h2 class=\"elementor-heading-title elementor-size-default\">Mitglieder im Minderheitenrat <\/h2>\t\t<\/div>\n\t\t\t\t<\/div>\n\t\t\t\t\t<\/div>\n\t\t<\/div>\n\t\t\t\t\t<\/div>\n\t\t<\/section>\n\t\t\t\t<section class=\"elementor-section elementor-inner-section elementor-element elementor-element-7b67042 elementor-section-boxed elementor-section-height-default elementor-section-height-default\" data-id=\"7b67042\" data-element_type=\"section\">\n\t\t\t\t\t\t<div class=\"elementor-container elementor-column-gap-extended\">\n\t\t\t\t\t<div class=\"elementor-column elementor-col-50 elementor-inner-column elementor-element elementor-element-a407067\" data-id=\"a407067\" data-element_type=\"column\">\n\t\t\t<div class=\"elementor-widget-wrap elementor-element-populated\">\n\t\t\t\t\t\t<div class=\"elementor-element elementor-element-8ef3151 elementor-widget elementor-widget-image\" data-id=\"8ef3151\" data-element_type=\"widget\" data-widget_type=\"image.default\">\n\t\t\t\t<div class=\"elementor-widget-container\">\n\t\t\t\t\t\t\t\t\t\t\t\t\t<img decoding=\"async\" width=\"670\" height=\"382\" src=\"https:\/\/www.minderheitensekretariat.de\/wp-content\/uploads\/2022\/08\/Ilse-Johanna-Christiansen.png\" class=\"attachment-large size-large wp-image-5427\" alt=\"\" srcset=\"https:\/\/www.minderheitensekretariat.de\/wp-content\/uploads\/2022\/08\/Ilse-Johanna-Christiansen.png 670w, https:\/\/www.minderheitensekretariat.de\/wp-content\/uploads\/2022\/08\/Ilse-Johanna-Christiansen-300x171.png 300w\" sizes=\"(max-width: 670px) 100vw, 670px\" \/>\t\t\t\t\t\t\t\t\t\t\t\t\t<\/div>\n\t\t\t\t<\/div>\n\t\t\t\t<div class=\"elementor-element elementor-element-045e028 elementor-widget elementor-widget-heading\" data-id=\"045e028\" data-element_type=\"widget\" data-widget_type=\"heading.default\">\n\t\t\t\t<div class=\"elementor-widget-container\">\n\t\t\t<h3 class=\"elementor-heading-title elementor-size-default\">Ilse Johanna Christiansen (*1954)<\/h3>\t\t<\/div>\n\t\t\t\t<\/div>\n\t\t\t\t<div class=\"elementor-element elementor-element-e5ad990 elementor-widget elementor-widget-text-editor\" data-id=\"e5ad990\" data-element_type=\"widget\" data-widget_type=\"text-editor.default\">\n\t\t\t\t<div class=\"elementor-widget-container\">\n\t\t\t\t\t\t\t<p>Foarsitterske fon d\u00e4n Fr\u00e4iske R\u00e4id Sektioon Noud<br \/>\u2022 b\u00e4dden un apgroaid in Noudfr\u00e4islound<br \/>\u2022 Psychologin m\u00e4d Hoogskoultjuugnis<br \/>\u2022 app. Psychotherapeutin, anstoald in n F\u00e4kklinik<br \/>\u2022 fr\u00e4ien Paat in n Iengjuchtenge foar Ljude m\u00e4d Gebreke<\/p>\n\t\t\t\t\t\t<\/div>\n\t\t\t\t<\/div>\n\t\t\t\t<div class=\"elementor-element elementor-element-64e79ff elementor-widget elementor-widget-toggle\" data-id=\"64e79ff\" data-element_type=\"widget\" data-widget_type=\"toggle.default\">\n\t\t\t\t<div class=\"elementor-widget-container\">\n\t\t\t\t\t<div class=\"elementor-toggle\">\n\t\t\t\t\t\t\t<div class=\"elementor-toggle-item\">\n\t\t\t\t\t<div id=\"elementor-tab-title-1051\" class=\"elementor-tab-title\" data-tab=\"1\" role=\"button\" aria-controls=\"elementor-tab-content-1051\" aria-expanded=\"false\">\n\t\t\t\t\t\t\t\t\t\t\t\t<a class=\"elementor-toggle-title\" tabindex=\"0\">Zus\u00e4tzliche Informationen<\/a>\n\t\t\t\t\t<\/div>\n\n\t\t\t\t\t<div id=\"elementor-tab-content-1051\" class=\"elementor-tab-content elementor-clearfix\" data-tab=\"1\" role=\"region\" aria-labelledby=\"elementor-tab-title-1051\"><p><strong>Wierk foar ju Moaskupp\u00e4i:<\/strong><br \/>\u2022 Foarsitterske fon ju SSW-Fraktioon in Br\u00e4ist<br \/>\u2022 tw\u00e4ide Foarsitterske fonne Friisk Foriining<br \/>\u2022 s\u00e4nt 2013 Foarsitterske fon d\u00e4n Fr\u00e4iske R\u00e4id Sektioon Noud<br \/>\u2022 s\u00e4nt 2015 weerniemenden Meenteboas fon Br\u00e4ist<\/p><\/p>\n<\/div>\n\t\t\t\t<\/div>\n\t\t\t\t\t\t\t\t<\/div>\n\t\t\t\t<\/div>\n\t\t\t\t<\/div>\n\t\t\t\t\t<\/div>\n\t\t<\/div>\n\t\t\t\t<div class=\"elementor-column elementor-col-50 elementor-inner-column elementor-element elementor-element-279ab22\" data-id=\"279ab22\" data-element_type=\"column\">\n\t\t\t<div class=\"elementor-widget-wrap elementor-element-populated\">\n\t\t\t\t\t\t<div class=\"elementor-element elementor-element-2fd6640 elementor-widget elementor-widget-image\" data-id=\"2fd6640\" data-element_type=\"widget\" data-widget_type=\"image.default\">\n\t\t\t\t<div class=\"elementor-widget-container\">\n\t\t\t\t\t\t\t\t\t\t\t\t\t<img decoding=\"async\" width=\"670\" height=\"382\" src=\"https:\/\/www.minderheitensekretariat.de\/wp-content\/uploads\/2022\/08\/Heinrich-Bahnsen.png\" class=\"attachment-large size-large wp-image-5437\" alt=\"\" srcset=\"https:\/\/www.minderheitensekretariat.de\/wp-content\/uploads\/2022\/08\/Heinrich-Bahnsen.png 670w, https:\/\/www.minderheitensekretariat.de\/wp-content\/uploads\/2022\/08\/Heinrich-Bahnsen-300x171.png 300w\" sizes=\"(max-width: 670px) 100vw, 670px\" \/>\t\t\t\t\t\t\t\t\t\t\t\t\t<\/div>\n\t\t\t\t<\/div>\n\t\t\t\t<div class=\"elementor-element elementor-element-9033af3 elementor-widget elementor-widget-heading\" data-id=\"9033af3\" data-element_type=\"widget\" data-widget_type=\"heading.default\">\n\t\t\t\t<div class=\"elementor-widget-container\">\n\t\t\t<h3 class=\"elementor-heading-title elementor-size-default\">Heinrich Bahnsen (*1949)<\/h3>\t\t<\/div>\n\t\t\t\t<\/div>\n\t\t\t\t<div class=\"elementor-element elementor-element-c2730af elementor-widget elementor-widget-text-editor\" data-id=\"c2730af\" data-element_type=\"widget\" data-widget_type=\"text-editor.default\">\n\t\t\t\t<div class=\"elementor-widget-container\">\n\t\t\t\t\t\t\t<p>Weerniemenden Foarsitter fon d\u00e4n Fr\u00e4iske R\u00e4id Sektioon Noud \/ weerniemenden Foarsitter fon d\u00e4n Nordfriesischen Verein<br \/>\u2022 b\u00e4dden inne Hoolme, Noudfr\u00e4islound, in n fr\u00e4isktoalig Ooldenhuus <br \/>\u2022 Dipl. Bedrieuwsweert bie de Boank<br \/>\u2022 bit 2009 Prokurist fon n Boank, eerder in Raante<\/p>\n\t\t\t\t\t\t<\/div>\n\t\t\t\t<\/div>\n\t\t\t\t<div class=\"elementor-element elementor-element-62ecb86 elementor-widget elementor-widget-toggle\" data-id=\"62ecb86\" data-element_type=\"widget\" data-widget_type=\"toggle.default\">\n\t\t\t\t<div class=\"elementor-widget-container\">\n\t\t\t\t\t<div class=\"elementor-toggle\">\n\t\t\t\t\t\t\t<div class=\"elementor-toggle-item\">\n\t\t\t\t\t<div id=\"elementor-tab-title-1031\" class=\"elementor-tab-title\" data-tab=\"1\" role=\"button\" aria-controls=\"elementor-tab-content-1031\" aria-expanded=\"false\">\n\t\t\t\t\t\t\t\t\t\t\t\t<a class=\"elementor-toggle-title\" tabindex=\"0\">Zus\u00e4tzliche Informationen<\/a>\n\t\t\t\t\t<\/div>\n\n\t\t\t\t\t<div id=\"elementor-tab-content-1031\" class=\"elementor-tab-content elementor-clearfix\" data-tab=\"1\" role=\"region\" aria-labelledby=\"elementor-tab-title-1031\"><p><strong>Wierk foar ju Moaskupp\u00e4i:<\/strong><br \/>\u2022&nbsp;&nbsp;&nbsp; 36 Jier Meenter\u00e4idslid in Braklem<br \/>\u2022&nbsp;&nbsp; &nbsp;9 Jier erenoamtelken Meenteboas<br \/>\u2022&nbsp;&nbsp; &nbsp;Fraktioonsspreker fonne CDU<br \/>\u2022&nbsp;&nbsp; &nbsp;Foarsitter fon d\u00e4n Sotsjaal-\/Juugd-\/Sportploug und d\u00e4n Finantsploug<br \/>\u2022&nbsp;&nbsp; &nbsp;Lid in d\u00e4n Oamtsploug un ju Skoulbuundtouhopeskup<br \/>\u2022&nbsp;&nbsp; &nbsp;10 Jier Foarsitter in d\u00e4n Finantsploug fon n Skoulbuund<br \/>\u2022&nbsp;&nbsp; &nbsp;19 Jier Lid fon d\u00e4n Foarstand fon d\u00e4n Verein Nordfriesisches Institut, Braist<br \/>\u2022&nbsp;&nbsp; &nbsp;s\u00e4nt 1997 Lid fon d\u00e4n Foarstand fon d\u00e4n Nordfriesischen Verein e.V., deerfon 3 Jiere Foarsitter, s\u00e4nt 2013 weerniemenden Foarsitter<br \/>\u2022&nbsp;&nbsp; &nbsp;weerniemenden Foarsitter fon d\u00e4n Fr\u00e4iske R\u00e4id Sektioon Noud<\/p><\/p>\n<\/div>\n\t\t\t\t<\/div>\n\t\t\t\t\t\t\t\t<\/div>\n\t\t\t\t<\/div>\n\t\t\t\t<\/div>\n\t\t\t\t\t<\/div>\n\t\t<\/div>\n\t\t\t\t\t<\/div>\n\t\t<\/section>\n\t\t\t\t\t<\/div>\n\t\t<\/div>\n\t\t\t\t\t<\/div>\n\t\t<\/section>\n\t\t\t\t\t<\/div>\n\t\t<\/div>\n\t\t\t\t\t<\/div>\n\t\t<\/section>\n\t\t\t\t<section class=\"elementor-section elementor-top-section elementor-element elementor-element-fc8a947 elementor-section-full_width elementor-section-content-top elementor-section-height-default elementor-section-height-default\" data-id=\"fc8a947\" data-element_type=\"section\" data-settings=\"{&quot;background_background&quot;:&quot;gradient&quot;}\">\n\t\t\t\t\t\t\t<div class=\"elementor-background-overlay\"><\/div>\n\t\t\t\t\t\t\t<div class=\"elementor-container elementor-column-gap-default\">\n\t\t\t\t\t<div class=\"elementor-column elementor-col-100 elementor-top-column elementor-element elementor-element-1040bce\" data-id=\"1040bce\" data-element_type=\"column\">\n\t\t\t<div class=\"elementor-widget-wrap elementor-element-populated\">\n\t\t\t\t\t\t<section class=\"elementor-section elementor-inner-section elementor-element elementor-element-0b3a8ee elementor-section-boxed elementor-section-height-default elementor-section-height-default\" data-id=\"0b3a8ee\" data-element_type=\"section\" data-settings=\"{&quot;background_background&quot;:&quot;classic&quot;}\">\n\t\t\t\t\t\t\t<div class=\"elementor-background-overlay\"><\/div>\n\t\t\t\t\t\t\t<div class=\"elementor-container elementor-column-gap-default\">\n\t\t\t\t\t<div class=\"elementor-column elementor-col-100 elementor-inner-column elementor-element elementor-element-af7cce0\" data-id=\"af7cce0\" data-element_type=\"column\">\n\t\t\t<div class=\"elementor-widget-wrap elementor-element-populated\">\n\t\t\t\t\t\t<div class=\"elementor-element elementor-element-eb984e9 elementor-widget elementor-widget-menu-anchor\" data-id=\"eb984e9\" data-element_type=\"widget\" data-widget_type=\"menu-anchor.default\">\n\t\t\t\t<div class=\"elementor-widget-container\">\n\t\t\t\t\t<div class=\"elementor-menu-anchor\" id=\"moor\"><\/div>\n\t\t\t\t<\/div>\n\t\t\t\t<\/div>\n\t\t\t\t<div class=\"elementor-element elementor-element-5af8363 elementor-widget elementor-widget-heading\" data-id=\"5af8363\" data-element_type=\"widget\" data-widget_type=\"heading.default\">\n\t\t\t\t<div class=\"elementor-widget-container\">\n\t\t\t<h1 class=\"elementor-heading-title elementor-size-default\"><strong>Seelter Buund <\/strong><\/h1>\t\t<\/div>\n\t\t\t\t<\/div>\n\t\t\t\t<div class=\"elementor-element elementor-element-704f6df elementor-widget-divider--view-line elementor-widget elementor-widget-divider\" data-id=\"704f6df\" data-element_type=\"widget\" data-widget_type=\"divider.default\">\n\t\t\t\t<div class=\"elementor-widget-container\">\n\t\t\t\t\t<div class=\"elementor-divider\">\n\t\t\t<span class=\"elementor-divider-separator\">\n\t\t\t\t\t\t<\/span>\n\t\t<\/div>\n\t\t\t\t<\/div>\n\t\t\t\t<\/div>\n\t\t\t\t<div class=\"elementor-element elementor-element-445fea5 elementor-widget elementor-widget-text-editor\" data-id=\"445fea5\" data-element_type=\"widget\" data-widget_type=\"text-editor.default\">\n\t\t\t\t<div class=\"elementor-widget-container\">\n\t\t\t\t\t\t\t<p>Die Seelter Buund is, so as hie nu is, 1972 apsprut. Al 1952 is die eerste Hematfereen Seelter Buund apsteen, man die h\u00e4d bloot tjoon Jiere uurduurt.<\/p>\n\t\t\t\t\t\t<\/div>\n\t\t\t\t<\/div>\n\t\t\t\t<div class=\"elementor-element elementor-element-f15df0b elementor-widget elementor-widget-text-editor\" data-id=\"f15df0b\" data-element_type=\"widget\" data-widget_type=\"text-editor.default\">\n\t\t\t\t<div class=\"elementor-widget-container\">\n\t\t\t\t\t\t\t<p>Hauptapgoawe fon d\u00e4n Seelter Buund as Hematfereen foar d\u00e4t Seelterlound is et, ju seelterfr\u00e4iske Sproake as uk d\u00e4n Seelter Koos un do S\u00e4tgjuchte fon\u00b4t Seelterlound apgjucht tou hoolden. Die Drift tou\u00b4t Oarbaidjen is, d\u00e4t die Seelter Buund ferbuunden is m\u00e4d sien Hemat, sien Historie un ju Loundskup. Die Seelter Buund is truch sin Fertreder m\u00e4d EBLUL-D\u00fc\u00fctsklound, d\u00e4n Minderhaidenr\u00e4id in D\u00fc\u00fctsklound un uur FUEN uk m\u00e4d monige Minderhaiden in Europa nau ferbuunden.<\/p>\n<p><span style=\"text-decoration: underline;\"><strong><a href=\"https:\/\/www.seelterbuund.de\/\">Tou ju Huussiede in\u00b4t N\u00e4t fon d\u00e4n Seelter Buund<\/a><br \/><a href=\"#\">Moor uur do Fr\u00e4isen<\/a><\/strong><\/span><\/p>\n<p><strong>In d\u00e4n Minderhaidenr\u00e4id sit Karl-Peter Schramm.<\/strong><\/p>\n\t\t\t\t\t\t<\/div>\n\t\t\t\t<\/div>\n\t\t\t\t<div class=\"elementor-element elementor-element-eaa8dfb elementor-widget elementor-widget-image\" data-id=\"eaa8dfb\" data-element_type=\"widget\" data-widget_type=\"image.default\">\n\t\t\t\t<div class=\"elementor-widget-container\">\n\t\t\t\t\t\t\t\t\t\t\t\t\t\t<a href=\"https:\/\/www.seelterbuund.de\/\" target=\"_blank\">\n\t\t\t\t\t\t\t<img loading=\"lazy\" decoding=\"async\" width=\"670\" height=\"382\" src=\"https:\/\/www.minderheitensekretariat.de\/wp-content\/uploads\/2022\/08\/Seelter-Buund_bild.jpg\" class=\"attachment-large size-large wp-image-3813\" alt=\"\" srcset=\"https:\/\/www.minderheitensekretariat.de\/wp-content\/uploads\/2022\/08\/Seelter-Buund_bild.jpg 670w, https:\/\/www.minderheitensekretariat.de\/wp-content\/uploads\/2022\/08\/Seelter-Buund_bild-300x171.jpg 300w\" sizes=\"(max-width: 670px) 100vw, 670px\" \/>\t\t\t\t\t\t\t\t<\/a>\n\t\t\t\t\t\t\t\t\t\t\t\t\t<\/div>\n\t\t\t\t<\/div>\n\t\t\t\t\t<\/div>\n\t\t<\/div>\n\t\t\t\t\t<\/div>\n\t\t<\/section>\n\t\t\t\t<section class=\"elementor-section elementor-inner-section elementor-element elementor-element-aaaa08e elementor-section-boxed elementor-section-height-default elementor-section-height-default\" data-id=\"aaaa08e\" data-element_type=\"section\">\n\t\t\t\t\t\t<div class=\"elementor-container elementor-column-gap-default\">\n\t\t\t\t\t<div class=\"elementor-column elementor-col-100 elementor-inner-column elementor-element elementor-element-72976c4\" data-id=\"72976c4\" data-element_type=\"column\" data-settings=\"{&quot;background_background&quot;:&quot;classic&quot;}\">\n\t\t\t<div class=\"elementor-widget-wrap elementor-element-populated\">\n\t\t\t\t\t\t<section class=\"elementor-section elementor-inner-section elementor-element elementor-element-1c7f678 elementor-section-boxed elementor-section-height-default elementor-section-height-default\" data-id=\"1c7f678\" data-element_type=\"section\">\n\t\t\t\t\t\t<div class=\"elementor-container elementor-column-gap-default\">\n\t\t\t\t\t<div class=\"elementor-column elementor-col-100 elementor-inner-column elementor-element elementor-element-73aa7e3\" data-id=\"73aa7e3\" data-element_type=\"column\">\n\t\t\t<div class=\"elementor-widget-wrap elementor-element-populated\">\n\t\t\t\t\t\t<div class=\"elementor-element elementor-element-f4261d3 elementor-widget elementor-widget-heading\" data-id=\"f4261d3\" data-element_type=\"widget\" data-widget_type=\"heading.default\">\n\t\t\t\t<div class=\"elementor-widget-container\">\n\t\t\t<h2 class=\"elementor-heading-title elementor-size-default\">Mitglieder im Minderheitenrat <\/h2>\t\t<\/div>\n\t\t\t\t<\/div>\n\t\t\t\t\t<\/div>\n\t\t<\/div>\n\t\t\t\t\t<\/div>\n\t\t<\/section>\n\t\t\t\t<section class=\"elementor-section elementor-inner-section elementor-element elementor-element-1e8d2f3 elementor-section-boxed elementor-section-height-default elementor-section-height-default\" data-id=\"1e8d2f3\" data-element_type=\"section\">\n\t\t\t\t\t\t<div class=\"elementor-container elementor-column-gap-extended\">\n\t\t\t\t\t<div class=\"elementor-column elementor-col-50 elementor-inner-column elementor-element elementor-element-151b4bf\" data-id=\"151b4bf\" data-element_type=\"column\">\n\t\t\t<div class=\"elementor-widget-wrap elementor-element-populated\">\n\t\t\t\t\t\t<div class=\"elementor-element elementor-element-e11e0bd elementor-widget elementor-widget-image\" data-id=\"e11e0bd\" data-element_type=\"widget\" data-widget_type=\"image.default\">\n\t\t\t\t<div class=\"elementor-widget-container\">\n\t\t\t\t\t\t\t\t\t\t\t\t\t<img loading=\"lazy\" decoding=\"async\" width=\"670\" height=\"382\" src=\"https:\/\/www.minderheitensekretariat.de\/wp-content\/uploads\/2022\/08\/Karl-Peter-Schramm.png\" class=\"attachment-large size-large wp-image-5450\" alt=\"\" srcset=\"https:\/\/www.minderheitensekretariat.de\/wp-content\/uploads\/2022\/08\/Karl-Peter-Schramm.png 670w, https:\/\/www.minderheitensekretariat.de\/wp-content\/uploads\/2022\/08\/Karl-Peter-Schramm-300x171.png 300w\" sizes=\"(max-width: 670px) 100vw, 670px\" \/>\t\t\t\t\t\t\t\t\t\t\t\t\t<\/div>\n\t\t\t\t<\/div>\n\t\t\t\t<div class=\"elementor-element elementor-element-6b09d93 elementor-widget elementor-widget-heading\" data-id=\"6b09d93\" data-element_type=\"widget\" data-widget_type=\"heading.default\">\n\t\t\t\t<div class=\"elementor-widget-container\">\n\t\t\t<h3 class=\"elementor-heading-title elementor-size-default\">Karl-Peter Schramm (*1948)<\/h3>\t\t<\/div>\n\t\t\t\t<\/div>\n\t\t\t\t<div class=\"elementor-element elementor-element-58bedba elementor-widget elementor-widget-text-editor\" data-id=\"58bedba\" data-element_type=\"widget\" data-widget_type=\"text-editor.default\">\n\t\t\t\t<div class=\"elementor-widget-container\">\n\t\t\t\t\t\t\t<p>Vorstandsmitglied des Seelter Buunds<br \/>\u2022 Saterfriese aus Niedersachsen<br \/>\u2022 Beruf: Sonderschullehrer a. D.<\/p>\n\t\t\t\t\t\t<\/div>\n\t\t\t\t<\/div>\n\t\t\t\t<div class=\"elementor-element elementor-element-474e3ae elementor-widget elementor-widget-toggle\" data-id=\"474e3ae\" data-element_type=\"widget\" data-widget_type=\"toggle.default\">\n\t\t\t\t<div class=\"elementor-widget-container\">\n\t\t\t\t\t<div class=\"elementor-toggle\">\n\t\t\t\t\t\t\t<div class=\"elementor-toggle-item\">\n\t\t\t\t\t<div id=\"elementor-tab-title-7471\" class=\"elementor-tab-title\" data-tab=\"1\" role=\"button\" aria-controls=\"elementor-tab-content-7471\" aria-expanded=\"false\">\n\t\t\t\t\t\t\t\t\t\t\t\t<a class=\"elementor-toggle-title\" tabindex=\"0\">Zus\u00e4tzliche Informationen<\/a>\n\t\t\t\t\t<\/div>\n\n\t\t\t\t\t<div id=\"elementor-tab-content-7471\" class=\"elementor-tab-content elementor-clearfix\" data-tab=\"1\" role=\"region\" aria-labelledby=\"elementor-tab-title-7471\"><p><strong>Berufliche Laufbahn:<\/strong><br \/>\u2022&nbsp;&nbsp;&nbsp; 1964\u20131966 mittlere Handelsschule<br \/>\u2022&nbsp;&nbsp; &nbsp;1966\u20131971 Lehre und Vorbereitungsdienst AOK Oldenburg<br \/>\u2022&nbsp;&nbsp; &nbsp;1971 mittlere Verwaltungspr\u00fcfung<br \/>\u2022&nbsp;&nbsp; &nbsp;1971 Nichtabiturientenpr\u00fcfung an der Uni Bremen<br \/>\u2022&nbsp;&nbsp; &nbsp;1971\u20131974 Lehramtsstudium an der Carl-von Ossietzky Universit\u00e4t Oldenburg<br \/>\u2022&nbsp;&nbsp; &nbsp;1977\u20131979 Studium der Sonderp\u00e4dagogik\/Lernbehindertenp\u00e4dagogik<br \/>\u2022&nbsp;&nbsp; &nbsp;1975\u20131990 Lehrer an der Sonderschule Bar\u00dfel<br \/>\u2022&nbsp;&nbsp; &nbsp;seit 1990 in Pension<\/p>\n<p><strong>Wierk foar ju Moaskupp\u00e4i:<\/strong><br \/>\u2022&nbsp;&nbsp;&nbsp; seit 1970 Mitglied der SPD<br \/>\u2022&nbsp;&nbsp; &nbsp;seit 1986 Mitglied des Gemeinderates Saterland<br \/>\u2022&nbsp;&nbsp; &nbsp;Mitglied in verschiedenen Fachaussch\u00fcssen, z.B. Verwaltungsausschuss und Vorsitzender des Fachausschusses Feuerwehrwesen der SPD<br \/>\u2022&nbsp;&nbsp; &nbsp;seit 1995 Arbeit im Heimatverein; Vorstandsmitglied des Seelter Buunds<br \/>\u2022&nbsp;&nbsp; &nbsp;seit 1998 Vorsitzender des Europ\u00e4ischen B\u00fcros f\u00fcr Sprachminderheiten (EBLUL Deutschland)<br \/>\u2022&nbsp;&nbsp; &nbsp;seit 2004 Mitglied im Ausschuss f\u00fcr Fragen der friesischen Volksgruppe<br \/>\u2022&nbsp;&nbsp; &nbsp;seit 2005 Mitglied im Minderheitenrat Deutschlands<\/p>\n<\/div>\n\t\t\t\t<\/div>\n\t\t\t\t\t\t\t\t<\/div>\n\t\t\t\t<\/div>\n\t\t\t\t<\/div>\n\t\t\t\t\t<\/div>\n\t\t<\/div>\n\t\t\t\t<div class=\"elementor-column elementor-col-50 elementor-inner-column elementor-element elementor-element-e07e0e6 elementor-hidden-mobile\" data-id=\"e07e0e6\" data-element_type=\"column\">\n\t\t\t<div class=\"elementor-widget-wrap\">\n\t\t\t\t\t\t\t<\/div>\n\t\t<\/div>\n\t\t\t\t\t<\/div>\n\t\t<\/section>\n\t\t\t\t\t<\/div>\n\t\t<\/div>\n\t\t\t\t\t<\/div>\n\t\t<\/section>\n\t\t\t\t\t<\/div>\n\t\t<\/div>\n\t\t\t\t\t<\/div>\n\t\t<\/section>\n\t\t\t\t<section class=\"elementor-section elementor-top-section elementor-element elementor-element-7738fbd elementor-section-full_width elementor-section-content-top elementor-section-height-default elementor-section-height-default\" data-id=\"7738fbd\" data-element_type=\"section\" data-settings=\"{&quot;background_background&quot;:&quot;gradient&quot;}\">\n\t\t\t\t\t\t\t<div class=\"elementor-background-overlay\"><\/div>\n\t\t\t\t\t\t\t<div class=\"elementor-container elementor-column-gap-default\">\n\t\t\t\t\t<div class=\"elementor-column elementor-col-100 elementor-top-column elementor-element elementor-element-553a116\" data-id=\"553a116\" data-element_type=\"column\">\n\t\t\t<div class=\"elementor-widget-wrap elementor-element-populated\">\n\t\t\t\t\t\t<section class=\"elementor-section elementor-inner-section elementor-element elementor-element-cd5f01f elementor-section-boxed elementor-section-height-default elementor-section-height-default\" data-id=\"cd5f01f\" data-element_type=\"section\" data-settings=\"{&quot;background_background&quot;:&quot;classic&quot;}\">\n\t\t\t\t\t\t\t<div class=\"elementor-background-overlay\"><\/div>\n\t\t\t\t\t\t\t<div class=\"elementor-container elementor-column-gap-default\">\n\t\t\t\t\t<div class=\"elementor-column elementor-col-100 elementor-inner-column elementor-element elementor-element-326dd2a\" data-id=\"326dd2a\" data-element_type=\"column\">\n\t\t\t<div class=\"elementor-widget-wrap elementor-element-populated\">\n\t\t\t\t\t\t<div class=\"elementor-element elementor-element-ed998be elementor-widget elementor-widget-heading\" data-id=\"ed998be\" data-element_type=\"widget\" data-widget_type=\"heading.default\">\n\t\t\t\t<div class=\"elementor-widget-container\">\n\t\t\t<h2 class=\"elementor-heading-title elementor-size-default\">Wietenskuppelke Beapdraagde foar't Seeltersk<\/h2>\t\t<\/div>\n\t\t\t\t<\/div>\n\t\t\t\t<div class=\"elementor-element elementor-element-6969cc9 elementor-widget elementor-widget-menu-anchor\" data-id=\"6969cc9\" data-element_type=\"widget\" data-widget_type=\"menu-anchor.default\">\n\t\t\t\t<div class=\"elementor-widget-container\">\n\t\t\t\t\t<div class=\"elementor-menu-anchor\" id=\"moor\"><\/div>\n\t\t\t\t<\/div>\n\t\t\t\t<\/div>\n\t\t\t\t<div class=\"elementor-element elementor-element-808677a elementor-widget elementor-widget-text-editor\" data-id=\"808677a\" data-element_type=\"widget\" data-widget_type=\"text-editor.default\">\n\t\t\t\t<div class=\"elementor-widget-container\">\n\t\t\t\t\t\t\t<p>S\u00e4nt Eende 2020 is die Wietenskupper Henk Wolf bie ju Ooldenburigske Loundskup et Seeltersk appe Kappe. Hie oarbaidet in n Kontoor in&#8217;t R\u00e4idhuus fon&#8217;t Seelterlound in Roomelse. Die W\u00e4\u00e4stfr\u00e4is is die eerste, die haudoamtelk foar&#8217;t Seeltersk biezig is. Ju hoolge Stede, ju hie hiede, wude m\u00e4d St\u00f6\u00e4n fon d\u00e4n Buund tou ne fulle Stede uutbaud. Moor uur Henk Wolf fiende Jie hier: <a href=\"https:\/\/www.seeltersk.de\" target=\"_blank\" rel=\"noopener\"><span style=\"text-decoration: underline;\">www.seeltersk.de<\/span><\/a> un <span style=\"text-decoration: underline;\"><a href=\"https:\/\/www.saterland.de\/portal\/startseite.html\">www.saterland.de<\/a>.<\/span><\/p><\/p>\n\t\t\t\t\t\t<\/div>\n\t\t\t\t<\/div>\n\t\t\t\t\t<\/div>\n\t\t<\/div>\n\t\t\t\t\t<\/div>\n\t\t<\/section>\n\t\t\t\t<section class=\"elementor-section elementor-inner-section elementor-element elementor-element-6d0bd9d elementor-section-boxed elementor-section-height-default elementor-section-height-default\" data-id=\"6d0bd9d\" data-element_type=\"section\">\n\t\t\t\t\t\t<div class=\"elementor-container elementor-column-gap-default\">\n\t\t\t\t\t<div class=\"elementor-column elementor-col-100 elementor-inner-column elementor-element elementor-element-9e85d25\" data-id=\"9e85d25\" data-element_type=\"column\">\n\t\t\t<div class=\"elementor-widget-wrap elementor-element-populated\">\n\t\t\t\t\t\t<div class=\"elementor-element elementor-element-435b3a3 elementor-align-center elementor-widget elementor-widget-button\" data-id=\"435b3a3\" data-element_type=\"widget\" data-widget_type=\"button.default\">\n\t\t\t\t<div class=\"elementor-widget-container\">\n\t\t\t\t\t\t\t<div class=\"elementor-button-wrapper\">\n\t\t\t\t\t<a class=\"elementor-button elementor-button-link elementor-size-sm\" href=\"https:\/\/www.minderheitensekretariat.de\/minderheitenrat\/\">\n\t\t\t\t\t\t<span class=\"elementor-button-content-wrapper\">\n\t\t\t\t\t\t\t\t\t<span class=\"elementor-button-text\">Ju Uurkiekjen<\/span>\n\t\t\t\t\t<\/span>\n\t\t\t\t\t<\/a>\n\t\t\t\t<\/div>\n\t\t\t\t\t\t<\/div>\n\t\t\t\t<\/div>\n\t\t\t\t\t<\/div>\n\t\t<\/div>\n\t\t\t\t\t<\/div>\n\t\t<\/section>\n\t\t\t\t\t<\/div>\n\t\t<\/div>\n\t\t\t\t\t<\/div>\n\t\t<\/section>\n\t\t\t\t<\/div>\n\t\t","protected":false},"excerpt":{"rendered":"<p>Fr\u00e4iske R\u00e4id un Seelter Bund Fr\u00e4isenr\u00e4id Sektion Noud e. V. Ju Dakorganizatsion foar aal Fereene un Vereine, do in Noudfr\u00e4islound un Helgolound foar Noudfr\u00e4isk oarbaidje, is die Frasche R\u00e4dj (Fr\u00e4isenr\u00e4id Sektion Noud e. V.). In ju Oarbaid wetseldeges ferstoant hie sik as Kontakt- un Koordinierungsstede, ju do gemeensoamen Intr\u00e4ssen fon do Fr\u00e4isen \u00e4tter Buten wai [&hellip;]<\/p>\n","protected":false},"author":2,"featured_media":0,"parent":0,"menu_order":0,"comment_status":"closed","ping_status":"closed","template":"elementor_header_footer","meta":{"footnotes":""},"class_list":["post-15413","page","type-page","status-publish","hentry"],"yoast_head":"<!-- This site is optimized with the Yoast SEO plugin v23.8 - https:\/\/yoast.com\/wordpress\/plugins\/seo\/ -->\n<title>Fr\u00e4iske R\u00e4id un Seelter Bund - Minderheitensekretariat<\/title>\n<meta name=\"robots\" content=\"index, follow, max-snippet:-1, max-image-preview:large, max-video-preview:-1\" \/>\n<link rel=\"canonical\" href=\"https:\/\/www.minderheitensekretariat.de\/sat\/fraeiske-raeid-un-seelter-bund\/\" \/>\n<meta property=\"og:locale\" content=\"en_US\" \/>\n<meta property=\"og:type\" content=\"article\" \/>\n<meta property=\"og:title\" content=\"Fr\u00e4iske R\u00e4id un Seelter Bund - Minderheitensekretariat\" \/>\n<meta property=\"og:description\" content=\"Fr\u00e4iske R\u00e4id un Seelter Bund Fr\u00e4isenr\u00e4id Sektion Noud e. V. Ju Dakorganizatsion foar aal Fereene un Vereine, do in Noudfr\u00e4islound un Helgolound foar Noudfr\u00e4isk oarbaidje, is die Frasche R\u00e4dj (Fr\u00e4isenr\u00e4id Sektion Noud e. V.). In ju Oarbaid wetseldeges ferstoant hie sik as Kontakt- un Koordinierungsstede, ju do gemeensoamen Intr\u00e4ssen fon do Fr\u00e4isen \u00e4tter Buten wai [&hellip;]\" \/>\n<meta property=\"og:url\" content=\"https:\/\/www.minderheitensekretariat.de\/sat\/fraeiske-raeid-un-seelter-bund\/\" \/>\n<meta property=\"og:site_name\" content=\"Minderheitensekretariat\" \/>\n<meta property=\"article:publisher\" content=\"https:\/\/www.facebook.com\/minderheitensekretariat.de\" \/>\n<meta property=\"article:modified_time\" content=\"2023-09-19T10:55:07+00:00\" \/>\n<meta property=\"og:image\" content=\"https:\/\/www.minderheitensekretariat.de\/wp-content\/uploads\/2022\/08\/Friesenrat_Logo-1024x299.png\" \/>\n<meta name=\"twitter:card\" content=\"summary_large_image\" \/>\n<meta name=\"twitter:label1\" content=\"Est. reading time\" \/>\n\t<meta name=\"twitter:data1\" content=\"4 minutes\" \/>\n<script type=\"application\/ld+json\" class=\"yoast-schema-graph\">{\"@context\":\"https:\/\/schema.org\",\"@graph\":[{\"@type\":\"WebPage\",\"@id\":\"https:\/\/www.minderheitensekretariat.de\/sat\/fraeiske-raeid-un-seelter-bund\/\",\"url\":\"https:\/\/www.minderheitensekretariat.de\/sat\/fraeiske-raeid-un-seelter-bund\/\",\"name\":\"Fr\u00e4iske R\u00e4id un Seelter Bund - Minderheitensekretariat\",\"isPartOf\":{\"@id\":\"https:\/\/www.minderheitensekretariat.de\/sat\/#website\"},\"primaryImageOfPage\":{\"@id\":\"https:\/\/www.minderheitensekretariat.de\/sat\/fraeiske-raeid-un-seelter-bund\/#primaryimage\"},\"image\":{\"@id\":\"https:\/\/www.minderheitensekretariat.de\/sat\/fraeiske-raeid-un-seelter-bund\/#primaryimage\"},\"thumbnailUrl\":\"https:\/\/www.minderheitensekretariat.de\/wp-content\/uploads\/2022\/08\/Friesenrat_Logo-1024x299.png\",\"datePublished\":\"2022-08-09T10:12:14+00:00\",\"dateModified\":\"2023-09-19T10:55:07+00:00\",\"breadcrumb\":{\"@id\":\"https:\/\/www.minderheitensekretariat.de\/sat\/fraeiske-raeid-un-seelter-bund\/#breadcrumb\"},\"inLanguage\":\"sat-SAT\",\"potentialAction\":[{\"@type\":\"ReadAction\",\"target\":[\"https:\/\/www.minderheitensekretariat.de\/sat\/fraeiske-raeid-un-seelter-bund\/\"]}]},{\"@type\":\"ImageObject\",\"inLanguage\":\"sat-SAT\",\"@id\":\"https:\/\/www.minderheitensekretariat.de\/sat\/fraeiske-raeid-un-seelter-bund\/#primaryimage\",\"url\":\"https:\/\/www.minderheitensekretariat.de\/wp-content\/uploads\/2022\/08\/Friesenrat_Logo-1024x299.png\",\"contentUrl\":\"https:\/\/www.minderheitensekretariat.de\/wp-content\/uploads\/2022\/08\/Friesenrat_Logo-1024x299.png\"},{\"@type\":\"BreadcrumbList\",\"@id\":\"https:\/\/www.minderheitensekretariat.de\/sat\/fraeiske-raeid-un-seelter-bund\/#breadcrumb\",\"itemListElement\":[{\"@type\":\"ListItem\",\"position\":1,\"name\":\"Startseite\",\"item\":\"https:\/\/www.minderheitensekretariat.de\/sat\/\"},{\"@type\":\"ListItem\",\"position\":2,\"name\":\"Fr\u00e4iske R\u00e4id un Seelter Bund\"}]},{\"@type\":\"WebSite\",\"@id\":\"https:\/\/www.minderheitensekretariat.de\/sat\/#website\",\"url\":\"https:\/\/www.minderheitensekretariat.de\/sat\/\",\"name\":\"Minderheitensekretariat\",\"description\":\"\",\"publisher\":{\"@id\":\"https:\/\/www.minderheitensekretariat.de\/sat\/#organization\"},\"potentialAction\":[{\"@type\":\"SearchAction\",\"target\":{\"@type\":\"EntryPoint\",\"urlTemplate\":\"https:\/\/www.minderheitensekretariat.de\/sat\/?s={search_term_string}\"},\"query-input\":{\"@type\":\"PropertyValueSpecification\",\"valueRequired\":true,\"valueName\":\"search_term_string\"}}],\"inLanguage\":\"sat-SAT\"},{\"@type\":\"Organization\",\"@id\":\"https:\/\/www.minderheitensekretariat.de\/sat\/#organization\",\"name\":\"Minderheitensekretariat\",\"url\":\"https:\/\/www.minderheitensekretariat.de\/sat\/\",\"logo\":{\"@type\":\"ImageObject\",\"inLanguage\":\"sat-SAT\",\"@id\":\"https:\/\/www.minderheitensekretariat.de\/sat\/#\/schema\/logo\/image\/\",\"url\":\"https:\/\/www.minderheitensekretariat.de\/wp-content\/uploads\/2023\/03\/Min_sek_Logo_4c.jpg\",\"contentUrl\":\"https:\/\/www.minderheitensekretariat.de\/wp-content\/uploads\/2023\/03\/Min_sek_Logo_4c.jpg\",\"width\":984,\"height\":236,\"caption\":\"Minderheitensekretariat\"},\"image\":{\"@id\":\"https:\/\/www.minderheitensekretariat.de\/sat\/#\/schema\/logo\/image\/\"},\"sameAs\":[\"https:\/\/www.facebook.com\/minderheitensekretariat.de\"]}]}<\/script>\n<!-- \/ Yoast SEO plugin. -->","yoast_head_json":{"title":"Fr\u00e4iske R\u00e4id un Seelter Bund - Minderheitensekretariat","robots":{"index":"index","follow":"follow","max-snippet":"max-snippet:-1","max-image-preview":"max-image-preview:large","max-video-preview":"max-video-preview:-1"},"canonical":"https:\/\/www.minderheitensekretariat.de\/sat\/fraeiske-raeid-un-seelter-bund\/","og_locale":"en_US","og_type":"article","og_title":"Fr\u00e4iske R\u00e4id un Seelter Bund - Minderheitensekretariat","og_description":"Fr\u00e4iske R\u00e4id un Seelter Bund Fr\u00e4isenr\u00e4id Sektion Noud e. V. Ju Dakorganizatsion foar aal Fereene un Vereine, do in Noudfr\u00e4islound un Helgolound foar Noudfr\u00e4isk oarbaidje, is die Frasche R\u00e4dj (Fr\u00e4isenr\u00e4id Sektion Noud e. V.). In ju Oarbaid wetseldeges ferstoant hie sik as Kontakt- un Koordinierungsstede, ju do gemeensoamen Intr\u00e4ssen fon do Fr\u00e4isen \u00e4tter Buten wai [&hellip;]","og_url":"https:\/\/www.minderheitensekretariat.de\/sat\/fraeiske-raeid-un-seelter-bund\/","og_site_name":"Minderheitensekretariat","article_publisher":"https:\/\/www.facebook.com\/minderheitensekretariat.de","article_modified_time":"2023-09-19T10:55:07+00:00","og_image":[{"url":"https:\/\/www.minderheitensekretariat.de\/wp-content\/uploads\/2022\/08\/Friesenrat_Logo-1024x299.png"}],"twitter_card":"summary_large_image","twitter_misc":{"Est. reading time":"4 minutes"},"schema":{"@context":"https:\/\/schema.org","@graph":[{"@type":"WebPage","@id":"https:\/\/www.minderheitensekretariat.de\/sat\/fraeiske-raeid-un-seelter-bund\/","url":"https:\/\/www.minderheitensekretariat.de\/sat\/fraeiske-raeid-un-seelter-bund\/","name":"Fr\u00e4iske R\u00e4id un Seelter Bund - Minderheitensekretariat","isPartOf":{"@id":"https:\/\/www.minderheitensekretariat.de\/sat\/#website"},"primaryImageOfPage":{"@id":"https:\/\/www.minderheitensekretariat.de\/sat\/fraeiske-raeid-un-seelter-bund\/#primaryimage"},"image":{"@id":"https:\/\/www.minderheitensekretariat.de\/sat\/fraeiske-raeid-un-seelter-bund\/#primaryimage"},"thumbnailUrl":"https:\/\/www.minderheitensekretariat.de\/wp-content\/uploads\/2022\/08\/Friesenrat_Logo-1024x299.png","datePublished":"2022-08-09T10:12:14+00:00","dateModified":"2023-09-19T10:55:07+00:00","breadcrumb":{"@id":"https:\/\/www.minderheitensekretariat.de\/sat\/fraeiske-raeid-un-seelter-bund\/#breadcrumb"},"inLanguage":"sat-SAT","potentialAction":[{"@type":"ReadAction","target":["https:\/\/www.minderheitensekretariat.de\/sat\/fraeiske-raeid-un-seelter-bund\/"]}]},{"@type":"ImageObject","inLanguage":"sat-SAT","@id":"https:\/\/www.minderheitensekretariat.de\/sat\/fraeiske-raeid-un-seelter-bund\/#primaryimage","url":"https:\/\/www.minderheitensekretariat.de\/wp-content\/uploads\/2022\/08\/Friesenrat_Logo-1024x299.png","contentUrl":"https:\/\/www.minderheitensekretariat.de\/wp-content\/uploads\/2022\/08\/Friesenrat_Logo-1024x299.png"},{"@type":"BreadcrumbList","@id":"https:\/\/www.minderheitensekretariat.de\/sat\/fraeiske-raeid-un-seelter-bund\/#breadcrumb","itemListElement":[{"@type":"ListItem","position":1,"name":"Startseite","item":"https:\/\/www.minderheitensekretariat.de\/sat\/"},{"@type":"ListItem","position":2,"name":"Fr\u00e4iske R\u00e4id un Seelter Bund"}]},{"@type":"WebSite","@id":"https:\/\/www.minderheitensekretariat.de\/sat\/#website","url":"https:\/\/www.minderheitensekretariat.de\/sat\/","name":"Minderheitensekretariat","description":"","publisher":{"@id":"https:\/\/www.minderheitensekretariat.de\/sat\/#organization"},"potentialAction":[{"@type":"SearchAction","target":{"@type":"EntryPoint","urlTemplate":"https:\/\/www.minderheitensekretariat.de\/sat\/?s={search_term_string}"},"query-input":{"@type":"PropertyValueSpecification","valueRequired":true,"valueName":"search_term_string"}}],"inLanguage":"sat-SAT"},{"@type":"Organization","@id":"https:\/\/www.minderheitensekretariat.de\/sat\/#organization","name":"Minderheitensekretariat","url":"https:\/\/www.minderheitensekretariat.de\/sat\/","logo":{"@type":"ImageObject","inLanguage":"sat-SAT","@id":"https:\/\/www.minderheitensekretariat.de\/sat\/#\/schema\/logo\/image\/","url":"https:\/\/www.minderheitensekretariat.de\/wp-content\/uploads\/2023\/03\/Min_sek_Logo_4c.jpg","contentUrl":"https:\/\/www.minderheitensekretariat.de\/wp-content\/uploads\/2023\/03\/Min_sek_Logo_4c.jpg","width":984,"height":236,"caption":"Minderheitensekretariat"},"image":{"@id":"https:\/\/www.minderheitensekretariat.de\/sat\/#\/schema\/logo\/image\/"},"sameAs":["https:\/\/www.facebook.com\/minderheitensekretariat.de"]}]}},"_links":{"self":[{"href":"https:\/\/www.minderheitensekretariat.de\/sat\/wp-json\/wp\/v2\/pages\/15413","targetHints":{"allow":["GET"]}}],"collection":[{"href":"https:\/\/www.minderheitensekretariat.de\/sat\/wp-json\/wp\/v2\/pages"}],"about":[{"href":"https:\/\/www.minderheitensekretariat.de\/sat\/wp-json\/wp\/v2\/types\/page"}],"author":[{"embeddable":true,"href":"https:\/\/www.minderheitensekretariat.de\/sat\/wp-json\/wp\/v2\/users\/2"}],"replies":[{"embeddable":true,"href":"https:\/\/www.minderheitensekretariat.de\/sat\/wp-json\/wp\/v2\/comments?post=15413"}],"version-history":[{"count":3,"href":"https:\/\/www.minderheitensekretariat.de\/sat\/wp-json\/wp\/v2\/pages\/15413\/revisions"}],"predecessor-version":[{"id":15418,"href":"https:\/\/www.minderheitensekretariat.de\/sat\/wp-json\/wp\/v2\/pages\/15413\/revisions\/15418"}],"wp:attachment":[{"href":"https:\/\/www.minderheitensekretariat.de\/sat\/wp-json\/wp\/v2\/media?parent=15413"}],"curies":[{"name":"wp","href":"https:\/\/api.w.org\/{rel}","templated":true}]}}